{"id":1100084804,"date":"2025-02-03T14:21:13","date_gmt":"2025-02-03T13:21:13","guid":{"rendered":"https:\/\/www.group-indigo.com\/metier\/logistica-y-servicios-urbanos\/"},"modified":"2025-06-26T17:07:24","modified_gmt":"2025-06-26T15:07:24","slug":"logistica-y-servicios-urbanos","status":"publish","type":"metier","link":"https:\/\/www.group-indigo.com\/es\/metier\/logistica-y-servicios-urbanos\/","title":{"rendered":"Log\u00edstica y servicios urbanos"},"content":{"rendered":"\r\n<section class=\"gut-block gut-hero-simple type-image\" >\r\n\t<div class=\"bg\">\r\n\t\t<div class=\"wrap\"><\/div>\r\n\t<\/div>\r\n\r\n\t<div class=\"wrap\">\r\n\t\t\t\t\t<div class=\"grid-container\">\r\n\t\t\t\t<div class=\"grid-el-md-5 contents\">\r\n\t\t\t\t\t<nav class=\"breadcrumb\" role=\"navigation\" aria-label=\"Rastro de migas de pan :\">\r\n\t<ul class=\"breadcrumb-list\">\r\n\t\t<li class=\"breadcrumb-item\">\r\n\t\t\t<a href=\"https:\/\/www.group-indigo.com\/es\/\">Inicio<\/a>\r\n\t\t<\/li>\r\n\r\n\t\t\t\t\t\t\t\t\t\t\t<li class=\"breadcrumb-item\">\r\n\t\t\t\t\t\t<span>Actividades<\/span>\r\n\t\t\t\t\t<\/li>\r\n\r\n\t\t\t\t\t<li class=\"breadcrumb-item\">\r\n\t\t\t\t\t\t<span>Nuestras l\u00edneas de negocio<\/span>\r\n\t\t\t\t\t<\/li>\r\n\r\n\t\t\t\t\t<li class=\"breadcrumb-item\" aria-current=\"page\">\r\n\t\t\t\t\t\tLog\u00edstica y servicios urbanos\t\t\t\t\t<\/li>\r\n\t\t\t\t\t\t\t\t\t\t<\/ul>\r\n<\/nav>\r\n\t\t\t\t\t<div class=\"content-part\">\r\n\t\t\t\t\t\t\r\n\t\t\t\t\t\t\t\t\t\t\t\t\t<h1 class=\"block-title titre-h2\">LOG\u00cdSTICA Y SERVICIOS URBANOS: POR UNA CIUDAD M\u00c1S SOSTENIBLE<\/h1>\r\n\t\t\t\t\t\t\r\n\t\t\t\t\t\t<div class=\"textes\">\r\n\t\t\t\t\t\t\t\t\t\t\t\t\t\t\t<div class=\"texte wysiwyg-content\">\r\n\t\t\t\t\t\t\t\t\t<p>INDIGO reinventa las infraestructuras de aparcamiento integrando espacios log\u00edsticos urbanos, contribuyendo a mejorar la fluidez del tr\u00e1fico en los centros urbanos y a reducir la contaminaci\u00f3n.  <\/p>\r\n\t\t\t\t\t\t\t\t<\/div>\r\n\t\t\t\t\t\t\t\r\n\t\t\t\t\t\t\t\t\t\t\t\t\t<\/div>\r\n\r\n\t\t\t\t\t\t\t\t\t\t\t<\/div>\r\n\t\t\t\t<\/div>\r\n\r\n\t\t\t\t\t\t\t\t\t<div class=\"img-part grid-el-md-6\">\r\n\t\t\t\t\t\t<figure class=\"img\">\r\n\t\t\t\t\t\t\t<img decoding=\"async\" width=\"1476\" height=\"858\" src=\"https:\/\/www.group-indigo.com\/wp-content\/uploads\/2025\/02\/foch-4-e1741182465126.png\" class=\"attachment-banner size-banner\" alt=\"\" \/>\t\t\t\t\t\t<\/figure>\r\n\t\t\t\t\t<\/div>\r\n\t\t\t\t\r\n\t\t\t\t\t\t\t<\/div>\r\n\t\t\r\n\t\t\t<\/div>\r\n<\/section>\n\n<section class=\"gut-block gut-fifty-fifty position-left bg-color-blanc\" >\n\t<div class=\"wrap grid-container\">\n\t\t\t\t\t<div class=\"img-part grid-el-tb-4 grid-el-md-5\">\n\t\t\t\t<figure class=\"img \">\n\t\t\t\t\t<img decoding=\"async\" width=\"1080\" height=\"1080\" src=\"https:\/\/www.group-indigo.com\/wp-content\/uploads\/2025\/02\/Template-bloc-de-Rebond-Indigo.com-1654-x-1654-px-1080x1080.png\" class=\"attachment-banner size-banner\" alt=\"\" srcset=\"https:\/\/www.group-indigo.com\/wp-content\/uploads\/2025\/02\/Template-bloc-de-Rebond-Indigo.com-1654-x-1654-px-1080x1080.png 1080w, https:\/\/www.group-indigo.com\/wp-content\/uploads\/2025\/02\/Template-bloc-de-Rebond-Indigo.com-1654-x-1654-px-300x300.png 300w, https:\/\/www.group-indigo.com\/wp-content\/uploads\/2025\/02\/Template-bloc-de-Rebond-Indigo.com-1654-x-1654-px-1024x1024.png 1024w, https:\/\/www.group-indigo.com\/wp-content\/uploads\/2025\/02\/Template-bloc-de-Rebond-Indigo.com-1654-x-1654-px-150x150.png 150w, https:\/\/www.group-indigo.com\/wp-content\/uploads\/2025\/02\/Template-bloc-de-Rebond-Indigo.com-1654-x-1654-px-768x768.png 768w, https:\/\/www.group-indigo.com\/wp-content\/uploads\/2025\/02\/Template-bloc-de-Rebond-Indigo.com-1654-x-1654-px-1536x1536.png 1536w, https:\/\/www.group-indigo.com\/wp-content\/uploads\/2025\/02\/Template-bloc-de-Rebond-Indigo.com-1654-x-1654-px-2048x2048.png 2048w\" sizes=\"(max-width: 1080px) 100vw, 1080px\" \/>\t\t\t\t<\/figure>\n\t\t\t<\/div>\n\t\t\n\t\t<div class=\"content-part grid-el-tb-7 grid-el-md-5\">\n\t\t\t\t\t\t\t<h2 class=\"block-title titre-h2\">TRANSFORMANDO NUESTROS ESPACIOS PARA LA LOG\u00cdSTICA URBANA<\/h2>\n\t\t\t\n\t\t\t\t\t\t\t<div class=\"texte wysiwyg-content\">\n\t\t\t\t\t<p><span class=\"TextRun SCXW158645080 BCX0\" lang=\"FR-FR\" data-contrast=\"auto\" xml:lang=\"FR-FR\"><span class=\"NormalTextRun SCXW158645080 BCX0\">Adaptamos <\/span><span class=\"NormalTextRun SCXW158645080 BCX0\">la infraestructura de <\/span><span class=\"NormalTextRun SCXW158645080 BCX0\">infraestructura a las necesidades<\/span> <span class=\"NormalTextRun SCXW158645080 BCX0\">de las empresas que operan en los \u00e1mbitos de la log\u00edstica, el transporte de \u00faltima milla y la distribuci\u00f3n urbana<\/span><span class=\"NormalTextRun SCXW158645080 BCX0\">con el fin de<\/span><span class=\"NormalTextRun SCXW158645080 BCX0\"> facilitar el funcionamiento de estas actividades urbanas esenciales.<\/span><\/span><span class=\"EOP SCXW158645080 BCX0\" data-ccp-props=\"{}\"> <\/span><\/p>\n<ul>\n<li><span data-contrast=\"auto\">\u00c1rea de recepci\u00f3n<\/span><span data-ccp-props=\"{}\"> <\/span><\/li>\n<li>Parque empresarial<\/li>\n<li>Zona de env\u00edo<\/li>\n<\/ul>\n\t\t\t\t<\/div>\n\t\t\t\n\t\t\t\n\t\t\t\n\t\t\t\t\t<\/div>\n\t<\/div>\n<\/section>\n\n<section class=\"gut-block gut-citation bg-color-blanc\" >\n\t<div class=\"wrap grid-container\">\n\t\t<div class=\"grid-el-tb-10 grid-el-centered\">\n\t\t\t<blockquote class=\"citation\">\n\t\t\t\t<p>La ciudad del ma\u00f1ana ser\u00e1 sostenible y resistente si hace un uso juicioso de sus recursos, tanto en la superficie como bajo tierra. Dar\u00e1 forma al aparcamiento del futuro, que se convertir\u00e1 en un h\u00edbrido y un pilar de su transformaci\u00f3n. <\/p>\n\t\t\t<\/blockquote>\n\n\t\t\t\t\t\t\t<p class=\"auteur\">Xavier Heulin<\/p>\n\t\t\t\n\t\t\t\t\t\t\t<p class=\"poste\">Vicepresidente Ejecutivo, responsable de Cambio Urbano<\/p>\n\t\t\t\t\t<\/div>\n\t<\/div>\n<\/section>\n\n<section class=\"gut-block gut-cards bg-color-blanc\" >\n\t<div class=\"wrap\">\n\t\t\t<div class=\"block-intro grid-container\">\n\t\t\t\t\t<h2 class=\"block-title titre-h2 grid-el-tb-8 grid-el-md-6 \">BENEFICIOS<\/h2>\n\t\t\n\t\t\t<\/div>\n\n\t\t<div class=\"slider-container\">\n\t\t\t<div class=\"swiper\">\n\t\t\t\t<div class=\"swiper-wrapper\">\n\t\t\t\t\t\t\t\t\t\t\t<div class=\"swiper-slide\">\n\t\t\t\t\t\t\t\t\t\t\t\t\t\t\t<div class=\"card color-morado\">\n\t\t\t\t\t\t\t\n\t\t\t\t\t\t\t\t\t\t\t\t\t\t\t\t\t<h3 class=\"titre\">Facilitar el flujo de tr\u00e1fico  <\/h3>\n\t\t\t\t\t\t\t\t\n\t\t\t\t\t\t\t\t\t\t\t\t\t\t\t\t\t<div class=\"description wysiwyg-content\">\n\t\t\t\t\t\t\t\t\t\t<p><span class=\"TextRun SCXW36443530 BCX0\" lang=\"FR-FR\" data-contrast=\"auto\" xml:lang=\"FR-FR\"><span class=\"NormalTextRun SCXW36443530 BCX0\">Regular y f<\/span><span class=\"NormalTextRun SCXW36443530 BCX0\">acilitar el flujo de personas y mercanc\u00edas.<\/span><\/span><span class=\"EOP SCXW36443530 BCX0\" data-ccp-props=\"{\"> <\/span><\/p>\n\t\t\t\t\t\t\t\t\t<\/div>\n\t\t\t\t\t\t\t\t\n\t\t\t\t\t\t\t\t\n\t\t\t\t\t\t\t\t\n\t\t\t\t\t\t\t\t\t\t\t\t\t\t\t<\/div>\n\t\t\t\t\t\t\t\t\t\t\t\t\t<\/div>\n\t\t\t\t\t\t\t\t\t\t\t<div class=\"swiper-slide\">\n\t\t\t\t\t\t\t\t\t\t\t\t\t\t\t<div class=\"card color-morado\">\n\t\t\t\t\t\t\t\n\t\t\t\t\t\t\t\t\t\t\t\t\t\t\t\t\t<h3 class=\"titre\">Limitar la contaminaci\u00f3n  <\/h3>\n\t\t\t\t\t\t\t\t\n\t\t\t\t\t\t\t\t\t\t\t\t\t\t\t\t\t<div class=\"description wysiwyg-content\">\n\t\t\t\t\t\t\t\t\t\t<p><span class=\"TextRun SCXW149011838 BCX0\" lang=\"FR-FR\" data-contrast=\"auto\" xml:lang=\"FR-FR\"><span class=\"NormalTextRun SCXW149011838 BCX0\">Contribuir a la sostenibilidad de la regi\u00f3n.<\/span><\/span><span class=\"EOP SCXW149011838 BCX0\" data-ccp-props=\"{\"> <\/span><\/p>\n\t\t\t\t\t\t\t\t\t<\/div>\n\t\t\t\t\t\t\t\t\n\t\t\t\t\t\t\t\t\n\t\t\t\t\t\t\t\t\n\t\t\t\t\t\t\t\t\t\t\t\t\t\t\t<\/div>\n\t\t\t\t\t\t\t\t\t\t\t\t\t<\/div>\n\t\t\t\t\t\t\t\t\t\t\t<div class=\"swiper-slide\">\n\t\t\t\t\t\t\t\t\t\t\t\t\t\t\t<div class=\"card color-morado\">\n\t\t\t\t\t\t\t\n\t\t\t\t\t\t\t\t\t\t\t\t\t\t\t\t\t<h3 class=\"titre\">Apoyar el desarrollo econ\u00f3mico  <\/h3>\n\t\t\t\t\t\t\t\t\n\t\t\t\t\t\t\t\t\t\t\t\t\t\t\t\t\t<div class=\"description wysiwyg-content\">\n\t\t\t\t\t\t\t\t\t\t<p><span class=\"TextRun SCXW222397622 BCX0\" lang=\"FR-FR\" data-contrast=\"auto\" xml:lang=\"FR-FR\"><span class=\"NormalTextRun SCXW222397622 BCX0\">Trabajar en<\/span><span class=\"NormalTextRun SCXW222397622 BCX0\"> para hacer las ciudades m\u00e1s accesibles y din\u00e1micas.<\/span><\/span><span class=\"EOP SCXW222397622 BCX0\" data-ccp-props=\"{\"> <\/span><\/p>\n\t\t\t\t\t\t\t\t\t<\/div>\n\t\t\t\t\t\t\t\t\n\t\t\t\t\t\t\t\t\n\t\t\t\t\t\t\t\t\n\t\t\t\t\t\t\t\t\t\t\t\t\t\t\t<\/div>\n\t\t\t\t\t\t\t\t\t\t\t\t\t<\/div>\n\t\t\t\t\t\t\t\t\t<\/div>\n\t\t\t<\/div>\n\t\t<\/div>\n\t<\/div>\n<\/section>\n\n<section class=\"gut-block gut-cards bg-color-gris\" >\n\t<div class=\"wrap\">\n\t\t\t<div class=\"block-intro grid-container\">\n\t\t\t\t\t<h2 class=\"block-title titre-h2 grid-el-tb-8 grid-el-md-6 \">SERVICIOS PARA LA CIUDAD<\/h2>\n\t\t\n\t\t\t\t\t<div class=\"right grid-el-tb-8 grid-el-md-4\">\n\t\t\t\t\t\t\t\t\t<div class=\"texte wysiwyg-content\">\n\t\t\t\t\t\t<p><span class=\"TextRun SCXW16703895 BCX0\" lang=\"FR-FR\" data-contrast=\"auto\" xml:lang=\"FR-FR\"><span class=\"NormalTextRun SCXW16703895 BCX0\">INDIGO ofrece<\/span> <span class=\"NormalTextRun SCXW16703895 BCX0\">nuevos servicios en <\/span><span class=\"NormalTextRun SCXW16703895 BCX0\">coraz\u00f3n<\/span><span class=\"NormalTextRun SCXW16703895 BCX0\"> de sus aparcamientos<\/span><span class=\"NormalTextRun SCXW16703895 BCX0\">.<\/span><\/span><span class=\"EOP SCXW16703895 BCX0\" data-ccp-props=\"{\"> <\/span><\/p>\n\t\t\t\t\t<\/div>\n\t\t\t\t\n\t\t\t\t\n\t\t\t\t\t\t\t<\/div>\n\t\t\t<\/div>\n\n\t\t<div class=\"slider-container\">\n\t\t\t<div class=\"swiper\">\n\t\t\t\t<div class=\"swiper-wrapper\">\n\t\t\t\t\t\t\t\t\t\t\t<div class=\"swiper-slide\">\n\t\t\t\t\t\t\t\t\t\t\t\t\t\t\t<div class=\"card color-rosa\">\n\t\t\t\t\t\t\t\n\t\t\t\t\t\t\t\t\t\t\t\t\t\t\t\t\t<h3 class=\"titre\">Relevo de paquetes  <\/h3>\n\t\t\t\t\t\t\t\t\n\t\t\t\t\t\t\t\t\t\t\t\t\t\t\t\t\t<div class=\"description wysiwyg-content\">\n\t\t\t\t\t\t\t\t\t\t<p><span class=\"TextRun SCXW179617704 BCX0\" lang=\"FR-FR\" data-contrast=\"auto\" xml:lang=\"FR-FR\"><span class=\"NormalTextRun SCXW179617704 BCX0\">\u00cdntimamente ligada a la movilidad urbana <\/span><span class=\"NormalTextRun SCXW179617704 BCX0\">movilidad urbana<\/span><span class=\"NormalTextRun SCXW179617704 BCX0\">el aparcamiento<\/span><span class=\"NormalTextRun SCXW179617704 BCX0\"> es un<\/span><span class=\"NormalTextRun SCXW179617704 BCX0\">punto de entrega y recogida de paquetes <\/span><span class=\"NormalTextRun SCXW179617704 BCX0\">ideal<\/span><span class=\"NormalTextRun SCXW179617704 BCX0\">optimizando las rutas de reparto.<\/span><\/span><span class=\"EOP SCXW179617704 BCX0\" data-ccp-props=\"{\"> <\/span><\/p>\n\t\t\t\t\t\t\t\t\t<\/div>\n\t\t\t\t\t\t\t\t\n\t\t\t\t\t\t\t\t\n\t\t\t\t\t\t\t\t\n\t\t\t\t\t\t\t\t\t\t\t\t\t\t\t<\/div>\n\t\t\t\t\t\t\t\t\t\t\t\t\t<\/div>\n\t\t\t\t\t\t\t\t\t\t\t<div class=\"swiper-slide\">\n\t\t\t\t\t\t\t\t\t\t\t\t\t\t\t<div class=\"card color-rosa\">\n\t\t\t\t\t\t\t\n\t\t\t\t\t\t\t\t\t\t\t\t\t\t\t\t\t<h3 class=\"titre\">Puntos de recogida para profesionales  <\/h3>\n\t\t\t\t\t\t\t\t\n\t\t\t\t\t\t\t\t\t\t\t\t\t\t\t\t\t<div class=\"description wysiwyg-content\">\n\t\t\t\t\t\t\t\t\t\t<p><span class=\"TextRun SCXW213263683 BCX0\" lang=\"FR-FR\" data-contrast=\"auto\" xml:lang=\"FR-FR\"><span class=\"NormalTextRun SCXW213263683 BCX0\">El sitio <\/span><span class=\"NormalTextRun SCXW213263683 BCX0\">red de <\/span><span class=\"NormalTextRun SCXW213263683 BCX0\">aparcamiento<\/span><span class=\"NormalTextRun SCXW213263683 BCX0\">red ofrece <\/span><span class=\"NormalTextRun SCXW213263683 BCX0\">puntos<\/span><span class=\"NormalTextRun SCXW213263683 BCX0\"> puntos<\/span><span class=\"NormalTextRun SCXW213263683 BCX0\"> numerosos e<\/span><span class=\"NormalTextRun SCXW213263683 BCX0\"> idealmente situados<\/span><span class=\"NormalTextRun SCXW213263683 BCX0\">.<\/span><\/span><span class=\"EOP SCXW213263683 BCX0\" data-ccp-props=\"{\"> <\/span><\/p>\n\t\t\t\t\t\t\t\t\t<\/div>\n\t\t\t\t\t\t\t\t\n\t\t\t\t\t\t\t\t\n\t\t\t\t\t\t\t\t\n\t\t\t\t\t\t\t\t\t\t\t\t\t\t\t<\/div>\n\t\t\t\t\t\t\t\t\t\t\t\t\t<\/div>\n\t\t\t\t\t\t\t\t\t\t\t<div class=\"swiper-slide\">\n\t\t\t\t\t\t\t\t\t\t\t\t\t\t\t<div class=\"card color-rosa\">\n\t\t\t\t\t\t\t\n\t\t\t\t\t\t\t\t\t\t\t\t\t\t\t\t\t<h3 class=\"titre\">Almacenamiento especial  <\/h3>\n\t\t\t\t\t\t\t\t\n\t\t\t\t\t\t\t\t\t\t\t\t\t\t\t\t\t<div class=\"description wysiwyg-content\">\n\t\t\t\t\t\t\t\t\t\t<p><span class=\"TextRun SCXW59181557 BCX0\" lang=\"FR-FR\" data-contrast=\"auto\" xml:lang=\"FR-FR\"><span class=\"NormalTextRun SCXW59181557 BCX0\">En asociaci\u00f3n con operadores de autoservicio de almacenamiento, se ponen a disposici\u00f3n de los usuarios cajas de almacenamiento.<\/span><\/span><span class=\"EOP SCXW59181557 BCX0\" data-ccp-props=\"{}\"> <\/span><\/p>\n\t\t\t\t\t\t\t\t\t<\/div>\n\t\t\t\t\t\t\t\t\n\t\t\t\t\t\t\t\t\n\t\t\t\t\t\t\t\t\n\t\t\t\t\t\t\t\t\t\t\t\t\t\t\t<\/div>\n\t\t\t\t\t\t\t\t\t\t\t\t\t<\/div>\n\t\t\t\t\t\t\t\t\t<\/div>\n\t\t\t<\/div>\n\t\t<\/div>\n\t<\/div>\n<\/section>\n\n\n<section class=\"gut-block gut-references bg-color-blanc\" >\n\t<div class=\"wrap\">\n\t\t\t<div class=\"block-intro grid-container\">\n\t\t\t\t\t<h2 class=\"block-title titre-h2 grid-el-tb-8 grid-el-md-6 \">NUESTRAS REFERENCIAS<\/h2>\n\t\t\n\t\t\t\t\t<div class=\"right grid-el-tb-8 grid-el-md-4\">\n\t\t\t\t\n\t\t\t\t\n\t\t\t\t\t\t\t<\/div>\n\t\t\t<\/div>\n\n\t\t<div class=\"slider-container\">\n\t\t\t<div class=\"swiper\">\n\t\t\t\t<div class=\"swiper-wrapper\">\n\t\t\t\t\t\t\t\t\t\t\t<div class=\"swiper-slide\">\n\t\t\t\t\t\t\t<div class=\"reference-wrapper\">\n\t\t\t\t\t\t\t\t<a href=\"https:\/\/www.group-indigo.com\/es\/reference\/el-aparcamiento-foch-la-historia-de-una-transformacion\/\" class=\"reference-item\">\n\t\t\t\t\t\t\t\t\t\t\t\t\t\t\t\t\t\t\t<p class=\"localisation\">\n\t\t\t\t\t\t\t\t\t\t\t\t\t\t\t\t\t\t\t\t\t\t\tPar\u00eds, \t\t\t\t\t\t\t\t\t\t\t\t\t\t\t\t\t\t\t\t\t\t\t\t\t\t\t\t\t\t\tFrance\t\t\t\t\t\t\t\t\t\t\t\t\t\t\t\t\t\t\t\t<\/p>\n\t\t\t\t\t\t\t\t\t\n\t\t\t\t\t\t\t\t\t<p class=\"title\">El aparcamiento Foch: la historia de una transformaci\u00f3n<\/p>\n\n\t\t\t\t\t\t\t\t\t\t\t\t\t\t\t\t\t\t\t<figure class=\"img\">\n\t\t\t\t\t\t\t\t\t\t\t<img decoding=\"async\" width=\"978\" height=\"924\" src=\"https:\/\/www.group-indigo.com\/wp-content\/uploads\/2025\/04\/foch-image.png\" class=\"attachment-large size-large\" alt=\"\" srcset=\"https:\/\/www.group-indigo.com\/wp-content\/uploads\/2025\/04\/foch-image.png 978w, https:\/\/www.group-indigo.com\/wp-content\/uploads\/2025\/04\/foch-image-300x283.png 300w, https:\/\/www.group-indigo.com\/wp-content\/uploads\/2025\/04\/foch-image-768x726.png 768w\" sizes=\"(max-width: 978px) 100vw, 978px\" \/>\t\t\t\t\t\t\t\t\t\t<\/figure>\n\t\t\t\t\t\t\t\t\t\t\t\t\t\t\t\t\t<\/a>\n\n\t\t\t\t\t\t\t\t\t\t\t\t\t\t\t<\/div>\n\t\t\t\t\t\t<\/div>\n\t\t\t\t\t\t\t\t\t\t\t<div class=\"swiper-slide\">\n\t\t\t\t\t\t\t<div class=\"reference-wrapper\">\n\t\t\t\t\t\t\t\t<a href=\"https:\/\/www.group-indigo.com\/es\/reference\/aparcamiento-charles-de-gaulle\/\" class=\"reference-item\">\n\t\t\t\t\t\t\t\t\t\t\t\t\t\t\t\t\t\t\t<p class=\"localisation\">\n\t\t\t\t\t\t\t\t\t\t\t\t\t\t\t\t\t\t\t\t\t\t\tNeuilly, \t\t\t\t\t\t\t\t\t\t\t\t\t\t\t\t\t\t\t\t\t\t\t\t\t\t\t\t\t\t\tFrance\t\t\t\t\t\t\t\t\t\t\t\t\t\t\t\t\t\t\t\t<\/p>\n\t\t\t\t\t\t\t\t\t\n\t\t\t\t\t\t\t\t\t<p class=\"title\">Aparcamiento Charles de Gaulle<\/p>\n\n\t\t\t\t\t\t\t\t\t\t\t\t\t\t\t\t\t\t\t<figure class=\"img\">\n\t\t\t\t\t\t\t\t\t\t\t<img decoding=\"async\" width=\"1\" height=\"1\" src=\"https:\/\/www.group-indigo.com\/wp-content\/uploads\/2025\/03\/DSC01593-e1741105092531.jpg\" class=\"attachment-large size-large\" alt=\"\" \/>\t\t\t\t\t\t\t\t\t\t<\/figure>\n\t\t\t\t\t\t\t\t\t\t\t\t\t\t\t\t\t<\/a>\n\n\t\t\t\t\t\t\t\t\t\t\t\t\t\t\t<\/div>\n\t\t\t\t\t\t<\/div>\n\t\t\t\t\t\t\t\t\t\t\t<div class=\"swiper-slide\">\n\t\t\t\t\t\t\t<div class=\"reference-wrapper\">\n\t\t\t\t\t\t\t\t<a href=\"https:\/\/www.group-indigo.com\/es\/reference\/aparcamiento-techlane\/\" class=\"reference-item\">\n\t\t\t\t\t\t\t\t\t\t\t\t\t\t\t\t\t\t\t<p class=\"localisation\">\n\t\t\t\t\t\t\t\t\t\t\t\t\t\t\t\t\t\t\t\t\t\t\tGante, \t\t\t\t\t\t\t\t\t\t\t\t\t\t\t\t\t\t\t\t\t\t\t\t\t\t\t\t\t\t\tBelgique\t\t\t\t\t\t\t\t\t\t\t\t\t\t\t\t\t\t\t\t<\/p>\n\t\t\t\t\t\t\t\t\t\n\t\t\t\t\t\t\t\t\t<p class=\"title\">Aparcamiento Techlane<\/p>\n\n\t\t\t\t\t\t\t\t\t\t\t\t\t\t\t\t\t\t\t<figure class=\"img\">\n\t\t\t\t\t\t\t\t\t\t\t<img decoding=\"async\" width=\"1024\" height=\"576\" src=\"https:\/\/www.group-indigo.com\/wp-content\/uploads\/2025\/03\/3fd95a58-fb7d-49b3-a7e8-873512a15d61-1-1024x576.jpg\" class=\"attachment-large size-large\" alt=\"\" srcset=\"https:\/\/www.group-indigo.com\/wp-content\/uploads\/2025\/03\/3fd95a58-fb7d-49b3-a7e8-873512a15d61-1-1024x576.jpg 1024w, https:\/\/www.group-indigo.com\/wp-content\/uploads\/2025\/03\/3fd95a58-fb7d-49b3-a7e8-873512a15d61-1-300x169.jpg 300w, https:\/\/www.group-indigo.com\/wp-content\/uploads\/2025\/03\/3fd95a58-fb7d-49b3-a7e8-873512a15d61-1-768x432.jpg 768w, https:\/\/www.group-indigo.com\/wp-content\/uploads\/2025\/03\/3fd95a58-fb7d-49b3-a7e8-873512a15d61-1-1536x864.jpg 1536w, https:\/\/www.group-indigo.com\/wp-content\/uploads\/2025\/03\/3fd95a58-fb7d-49b3-a7e8-873512a15d61-1.jpg 1920w\" sizes=\"(max-width: 1024px) 100vw, 1024px\" \/>\t\t\t\t\t\t\t\t\t\t<\/figure>\n\t\t\t\t\t\t\t\t\t\t\t\t\t\t\t\t\t<\/a>\n\n\t\t\t\t\t\t\t\t\t\t\t\t\t\t\t<\/div>\n\t\t\t\t\t\t<\/div>\n\t\t\t\t\t\t\t\t\t\t\t<div class=\"swiper-slide\">\n\t\t\t\t\t\t\t<div class=\"reference-wrapper\">\n\t\t\t\t\t\t\t\t<a href=\"https:\/\/www.group-indigo.com\/es\/reference\/aparcamiento-del-puerto-de-san-juan-de-luz\/\" class=\"reference-item\">\n\t\t\t\t\t\t\t\t\t\t\t\t\t\t\t\t\t\t\t<p class=\"localisation\">\n\t\t\t\t\t\t\t\t\t\t\t\t\t\t\t\t\t\t\t\t\t\t\tSan Juan de Luz, \t\t\t\t\t\t\t\t\t\t\t\t\t\t\t\t\t\t\t\t\t\t\t\t\t\t\t\t\t\t\tFrance\t\t\t\t\t\t\t\t\t\t\t\t\t\t\t\t\t\t\t\t<\/p>\n\t\t\t\t\t\t\t\t\t\n\t\t\t\t\t\t\t\t\t<p class=\"title\">Aparcamiento del puerto de San Juan de Luz<\/p>\n\n\t\t\t\t\t\t\t\t\t\t\t\t\t\t\t\t\t\t\t<figure class=\"img\">\n\t\t\t\t\t\t\t\t\t\t\t<img decoding=\"async\" width=\"1\" height=\"1\" src=\"https:\/\/www.group-indigo.com\/wp-content\/uploads\/2025\/03\/Capture-de\u0301cran-2025-03-04-a\u0300-17.42.26-e1741106586955.png\" class=\"attachment-large size-large\" alt=\"\" \/>\t\t\t\t\t\t\t\t\t\t<\/figure>\n\t\t\t\t\t\t\t\t\t\t\t\t\t\t\t\t\t<\/a>\n\n\t\t\t\t\t\t\t\t\t\t\t\t\t\t\t<\/div>\n\t\t\t\t\t\t<\/div>\n\t\t\t\t\t\t\t\t\t\t\t<div class=\"swiper-slide\">\n\t\t\t\t\t\t\t<div class=\"reference-wrapper\">\n\t\t\t\t\t\t\t\t<a href=\"https:\/\/www.group-indigo.com\/es\/reference\/aparcamientos-en-biarritz\/\" class=\"reference-item\">\n\t\t\t\t\t\t\t\t\t\t\t\t\t\t\t\t\t\t\t<p class=\"localisation\">\n\t\t\t\t\t\t\t\t\t\t\t\t\t\t\t\t\t\t\t\t\t\t\tBiarritz, \t\t\t\t\t\t\t\t\t\t\t\t\t\t\t\t\t\t\t\t\t\t\t\t\t\t\t\t\t\t\tFrance\t\t\t\t\t\t\t\t\t\t\t\t\t\t\t\t\t\t\t\t<\/p>\n\t\t\t\t\t\t\t\t\t\n\t\t\t\t\t\t\t\t\t<p class=\"title\">Aparcamientos en Biarritz<\/p>\n\n\t\t\t\t\t\t\t\t\t\t\t\t\t\t\t\t\t\t\t<figure class=\"img\">\n\t\t\t\t\t\t\t\t\t\t\t<img decoding=\"async\" width=\"768\" height=\"1024\" src=\"https:\/\/www.group-indigo.com\/wp-content\/uploads\/2025\/02\/street-art-1-clemenceau-scaled-768x1024.jpg\" class=\"attachment-large size-large\" alt=\"\" srcset=\"https:\/\/www.group-indigo.com\/wp-content\/uploads\/2025\/02\/street-art-1-clemenceau-scaled-768x1024.jpg 768w, https:\/\/www.group-indigo.com\/wp-content\/uploads\/2025\/02\/street-art-1-clemenceau-scaled-225x300.jpg 225w, https:\/\/www.group-indigo.com\/wp-content\/uploads\/2025\/02\/street-art-1-clemenceau-scaled-1152x1536.jpg 1152w, https:\/\/www.group-indigo.com\/wp-content\/uploads\/2025\/02\/street-art-1-clemenceau-scaled-810x1080.jpg 810w, https:\/\/www.group-indigo.com\/wp-content\/uploads\/2025\/02\/street-art-1-clemenceau-scaled.jpg 1536w\" sizes=\"(max-width: 768px) 100vw, 768px\" \/>\t\t\t\t\t\t\t\t\t\t<\/figure>\n\t\t\t\t\t\t\t\t\t\t\t\t\t\t\t\t\t<\/a>\n\n\t\t\t\t\t\t\t\t\t\t\t\t\t\t\t<\/div>\n\t\t\t\t\t\t<\/div>\n\t\t\t\t\t\t\t\t\t\t\t<div class=\"swiper-slide\">\n\t\t\t\t\t\t\t<div class=\"reference-wrapper\">\n\t\t\t\t\t\t\t\t<a href=\"https:\/\/www.group-indigo.com\/es\/reference\/aparcamientos-de-lille\/\" class=\"reference-item\">\n\t\t\t\t\t\t\t\t\t\t\t\t\t\t\t\t\t\t\t<p class=\"localisation\">\n\t\t\t\t\t\t\t\t\t\t\t\t\t\t\t\t\t\t\t\t\t\t\tLille, \t\t\t\t\t\t\t\t\t\t\t\t\t\t\t\t\t\t\t\t\t\t\t\t\t\t\t\t\t\t\tFrance\t\t\t\t\t\t\t\t\t\t\t\t\t\t\t\t\t\t\t\t<\/p>\n\t\t\t\t\t\t\t\t\t\n\t\t\t\t\t\t\t\t\t<p class=\"title\">Aparcamientos de Lille<\/p>\n\n\t\t\t\t\t\t\t\t\t\t\t\t\t\t\t\t\t\t\t<figure class=\"img\">\n\t\t\t\t\t\t\t\t\t\t\t<img decoding=\"async\" width=\"1024\" height=\"768\" src=\"https:\/\/www.group-indigo.com\/wp-content\/uploads\/2025\/02\/IMG_7313-1024x768.jpg\" class=\"attachment-large size-large\" alt=\"\" srcset=\"https:\/\/www.group-indigo.com\/wp-content\/uploads\/2025\/02\/IMG_7313-1024x768.jpg 1024w, https:\/\/www.group-indigo.com\/wp-content\/uploads\/2025\/02\/IMG_7313-300x225.jpg 300w, https:\/\/www.group-indigo.com\/wp-content\/uploads\/2025\/02\/IMG_7313-768x576.jpg 768w, https:\/\/www.group-indigo.com\/wp-content\/uploads\/2025\/02\/IMG_7313-1536x1152.jpg 1536w, https:\/\/www.group-indigo.com\/wp-content\/uploads\/2025\/02\/IMG_7313-scaled.jpg 2048w, https:\/\/www.group-indigo.com\/wp-content\/uploads\/2025\/02\/IMG_7313-1440x1080.jpg 1440w\" sizes=\"(max-width: 1024px) 100vw, 1024px\" \/>\t\t\t\t\t\t\t\t\t\t<\/figure>\n\t\t\t\t\t\t\t\t\t\t\t\t\t\t\t\t\t<\/a>\n\n\t\t\t\t\t\t\t\t\t\t\t\t\t\t\t<\/div>\n\t\t\t\t\t\t<\/div>\n\t\t\t\t\t\t\t\t\t\t\t<div class=\"swiper-slide\">\n\t\t\t\t\t\t\t<div class=\"reference-wrapper\">\n\t\t\t\t\t\t\t\t<a href=\"https:\/\/www.group-indigo.com\/es\/reference\/almacenamiento-en-black-mountain\/\" class=\"reference-item\">\n\t\t\t\t\t\t\t\t\t\t\t\t\t\t\t\t\t\t\t<p class=\"localisation\">\n\t\t\t\t\t\t\t\t\t\t\t\t\t\t\t\t\t\t\t\t\t\t\tVancouver, \t\t\t\t\t\t\t\t\t\t\t\t\t\t\t\t\t\t\t\t\t\t\t\t\t\t\t\t\t\t\tCanada\t\t\t\t\t\t\t\t\t\t\t\t\t\t\t\t\t\t\t\t<\/p>\n\t\t\t\t\t\t\t\t\t\n\t\t\t\t\t\t\t\t\t<p class=\"title\">Almacenamiento en Black Mountain<\/p>\n\n\t\t\t\t\t\t\t\t\t\t\t\t\t\t\t\t\t\t\t<figure class=\"img\">\n\t\t\t\t\t\t\t\t\t\t\t<img decoding=\"async\" width=\"1024\" height=\"768\" src=\"https:\/\/www.group-indigo.com\/wp-content\/uploads\/2025\/03\/20211006_084000-scaled-1024x768.jpg\" class=\"attachment-large size-large\" alt=\"\" srcset=\"https:\/\/www.group-indigo.com\/wp-content\/uploads\/2025\/03\/20211006_084000-scaled-1024x768.jpg 1024w, https:\/\/www.group-indigo.com\/wp-content\/uploads\/2025\/03\/20211006_084000-scaled-300x225.jpg 300w, https:\/\/www.group-indigo.com\/wp-content\/uploads\/2025\/03\/20211006_084000-scaled-768x576.jpg 768w, https:\/\/www.group-indigo.com\/wp-content\/uploads\/2025\/03\/20211006_084000-scaled-1536x1152.jpg 1536w, https:\/\/www.group-indigo.com\/wp-content\/uploads\/2025\/03\/20211006_084000-scaled-1440x1080.jpg 1440w, https:\/\/www.group-indigo.com\/wp-content\/uploads\/2025\/03\/20211006_084000-scaled.jpg 2048w\" sizes=\"(max-width: 1024px) 100vw, 1024px\" \/>\t\t\t\t\t\t\t\t\t\t<\/figure>\n\t\t\t\t\t\t\t\t\t\t\t\t\t\t\t\t\t<\/a>\n\n\t\t\t\t\t\t\t\t\t\t\t\t\t\t\t<\/div>\n\t\t\t\t\t\t<\/div>\n\t\t\t\t\t\t\t\t\t\t\t<div class=\"swiper-slide\">\n\t\t\t\t\t\t\t<div class=\"reference-wrapper\">\n\t\t\t\t\t\t\t\t<a href=\"https:\/\/www.group-indigo.com\/es\/reference\/parque-nacional-de-iguacu\/\" class=\"reference-item\">\n\t\t\t\t\t\t\t\t\t\t\t\t\t\t\t\t\t\t\t<p class=\"localisation\">\n\t\t\t\t\t\t\t\t\t\t\t\t\t\t\t\t\t\t\t\t\t\t\tFoz de Iguaz\u00fa, \t\t\t\t\t\t\t\t\t\t\t\t\t\t\t\t\t\t\t\t\t\t\t\t\t\t\t\t\t\t\tBr\u00e9sil\t\t\t\t\t\t\t\t\t\t\t\t\t\t\t\t\t\t\t\t<\/p>\n\t\t\t\t\t\t\t\t\t\n\t\t\t\t\t\t\t\t\t<p class=\"title\">Parque Nacional de Igua\u00e7u<\/p>\n\n\t\t\t\t\t\t\t\t\t\t\t\t\t\t\t\t\t\t\t<figure class=\"img\">\n\t\t\t\t\t\t\t\t\t\t\t<img decoding=\"async\" width=\"1024\" height=\"683\" src=\"https:\/\/www.group-indigo.com\/wp-content\/uploads\/2025\/03\/iStock-488388458-1024x683.jpg\" class=\"attachment-large size-large\" alt=\"\" srcset=\"https:\/\/www.group-indigo.com\/wp-content\/uploads\/2025\/03\/iStock-488388458-1024x683.jpg 1024w, https:\/\/www.group-indigo.com\/wp-content\/uploads\/2025\/03\/iStock-488388458-300x200.jpg 300w, https:\/\/www.group-indigo.com\/wp-content\/uploads\/2025\/03\/iStock-488388458-768x512.jpg 768w, https:\/\/www.group-indigo.com\/wp-content\/uploads\/2025\/03\/iStock-488388458-1536x1024.jpg 1536w, https:\/\/www.group-indigo.com\/wp-content\/uploads\/2025\/03\/iStock-488388458-scaled.jpg 2048w, https:\/\/www.group-indigo.com\/wp-content\/uploads\/2025\/03\/iStock-488388458-1620x1080.jpg 1620w\" sizes=\"(max-width: 1024px) 100vw, 1024px\" \/>\t\t\t\t\t\t\t\t\t\t<\/figure>\n\t\t\t\t\t\t\t\t\t\t\t\t\t\t\t\t\t<\/a>\n\n\t\t\t\t\t\t\t\t\t\t\t\t\t\t\t<\/div>\n\t\t\t\t\t\t<\/div>\n\t\t\t\t\t\t\t\t\t\t\t<div class=\"swiper-slide\">\n\t\t\t\t\t\t\t<div class=\"reference-wrapper\">\n\t\t\t\t\t\t\t\t<a href=\"https:\/\/www.group-indigo.com\/es\/reference\/centro-de-edmonton\/\" class=\"reference-item\">\n\t\t\t\t\t\t\t\t\t\t\t\t\t\t\t\t\t\t\t<p class=\"localisation\">\n\t\t\t\t\t\t\t\t\t\t\t\t\t\t\t\t\t\t\t\t\t\t\tEdmonton, \t\t\t\t\t\t\t\t\t\t\t\t\t\t\t\t\t\t\t\t\t\t\t\t\t\t\t\t\t\t\tCanada\t\t\t\t\t\t\t\t\t\t\t\t\t\t\t\t\t\t\t\t<\/p>\n\t\t\t\t\t\t\t\t\t\n\t\t\t\t\t\t\t\t\t<p class=\"title\">Centro de Edmonton<\/p>\n\n\t\t\t\t\t\t\t\t\t\t\t\t\t\t\t\t\t\t\t<figure class=\"img\">\n\t\t\t\t\t\t\t\t\t\t\t<img decoding=\"async\" width=\"854\" height=\"527\" src=\"https:\/\/www.group-indigo.com\/wp-content\/uploads\/2025\/03\/Edmonton-City-Centre\u200b-IMAGE.jpg\" class=\"attachment-large size-large\" alt=\"\" srcset=\"https:\/\/www.group-indigo.com\/wp-content\/uploads\/2025\/03\/Edmonton-City-Centre\u200b-IMAGE.jpg 854w, https:\/\/www.group-indigo.com\/wp-content\/uploads\/2025\/03\/Edmonton-City-Centre\u200b-IMAGE-300x185.jpg 300w, https:\/\/www.group-indigo.com\/wp-content\/uploads\/2025\/03\/Edmonton-City-Centre\u200b-IMAGE-768x474.jpg 768w\" sizes=\"(max-width: 854px) 100vw, 854px\" \/>\t\t\t\t\t\t\t\t\t\t<\/figure>\n\t\t\t\t\t\t\t\t\t\t\t\t\t\t\t\t\t<\/a>\n\n\t\t\t\t\t\t\t\t\t\t\t\t\t\t\t<\/div>\n\t\t\t\t\t\t<\/div>\n\t\t\t\t\t\t\t\t\t<\/div>\n\t\t\t<\/div>\n\n\t\t\t<div class=\"swiper-nav\">\n\t\t\t\t<button type=\"button\" class=\"swiper-btn swiper-btn-prev\" aria-label=\"Anterior\"><span class=\"icon icon-arrow-left\" aria-hidden=\"true\"><\/span><\/button>\n\t\t\t\t<button type=\"button\" class=\"swiper-btn swiper-btn-next\" aria-label=\"Siguiente\"><span class=\"icon icon-arrow-right\" aria-hidden=\"true\"><\/span><\/button>\n\t\t\t<\/div>\n\t\t<\/div>\n\t<\/div>\n<\/section>\n\n\n<section class=\"gut-block gut-titre-et-texte bg-color-blanc\" >\n\t<div class=\"wrap\">\n\t\t\t<div class=\"block-intro grid-container\">\n\t\t\t\t\t<h2 class=\"block-title titre-h2 grid-el-tb-8 grid-el-md-6 \">\u00bfQUI\u00c9N DIJO QUE LOS APARCAMIENTOS ERAN S\u00d3LO PARA COCHES?<\/h2>\n\t\t\n\t\t\t\t\t<div class=\"right grid-el-tb-8 grid-el-md-4\">\n\t\t\t\t\t\t\t\t\t<div class=\"texte wysiwyg-content\">\n\t\t\t\t\t\t<p><span class=\"TextRun SCXW239660841 BCX0\" lang=\"FR-FR\" data-contrast=\"auto\" xml:lang=\"FR-FR\"><span class=\"NormalTextRun SCXW239660841 BCX0\">Entre zonas de almacenamiento, espacios log\u00edsticos y alojamiento de centros de datos, los aparcamientos se est\u00e1n reinventando para convertirse en aut\u00e9nticos centros de servicios urbanos, al servicio de la ciudad y sus habitantes.<\/span><\/span><span class=\"EOP SCXW239660841 BCX0\" data-ccp-props=\"{}\"> <\/span><\/p>\n\t\t\t\t\t<\/div>\n\t\t\t\t\n\t\t\t\t\n\t\t\t\t\t\t\t<\/div>\n\t\t\t<\/div>\n\t<\/div>\n<\/section>\n\n<section class=\"gut-block gut-rebond bg-color-blanc\" >\n\t<div class=\"container\">\n\t\t<div class=\"wrap grid-container\">\n\t\t\t<figure class=\"img\">\n\t\t\t\t<img decoding=\"async\" width=\"1520\" height=\"915\" src=\"https:\/\/www.group-indigo.com\/wp-content\/uploads\/2025\/01\/Frame-29613734.jpg\" class=\"attachment-banner size-banner\" alt=\"\" srcset=\"https:\/\/www.group-indigo.com\/wp-content\/uploads\/2025\/01\/Frame-29613734.jpg 1520w, https:\/\/www.group-indigo.com\/wp-content\/uploads\/2025\/01\/Frame-29613734-300x181.jpg 300w, https:\/\/www.group-indigo.com\/wp-content\/uploads\/2025\/01\/Frame-29613734-1024x616.jpg 1024w, https:\/\/www.group-indigo.com\/wp-content\/uploads\/2025\/01\/Frame-29613734-768x462.jpg 768w\" sizes=\"(max-width: 1520px) 100vw, 1520px\" \/>\t\t\t<\/figure>\n\n\t\t\t\t\t\t\t<h2 class=\"block-title titre-h2 grid-el-tb-8 grid-el-md-6\">NUESTRA VISI\u00d3N DEL APARCAMIENTO DEL FUTURO<\/h2>\n\t\t\t\n\t\t\t\t\t\t\t<div class=\"texte wysiwyg-content grid-el-tb-7 grid-el-md-5 grid-el-lg-4\">\n\t\t\t\t\t<p><span class=\"TextRun SCXW159324082 BCX0\" lang=\"FR-FR\" data-contrast=\"auto\" xml:lang=\"FR-FR\"><span class=\"NormalTextRun SCXW159324082 BCX0\">El pensamiento de INDIGO consiste en invertir en el espacio subterr\u00e1neo, repensarlo para tener en cuenta las expectativas actuales y anticiparse a los cambios futuros.  <\/span><\/span><\/p>\n\t\t\t\t<\/div>\n\t\t\t\n\t\t\t\t\t\t\t<div class=\"btn-container grid-el-tb-6 grid-el-md-4\">\n\t\t\t\t\t<a href=\"http:\/\/www.group-indigo.com\/innovation\/parking-du-futur\/\" target=\"_self\" class=\"btn-primary\">M\u00e1s informaci\u00f3n<\/a>\n\t\t\t\t<\/div>\n\t\t\t\n\t\t\t\t\t<\/div>\n\t<\/div>\n<\/section>","protected":false},"featured_media":0,"template":"","meta":{"_acf_changed":false,"inline_featured_image":false,"footnotes":""},"class_list":["post-1100084804","metier","type-metier","status-publish","hentry"],"acf":[],"yoast_head":"<!-- This site is optimized with the Yoast SEO plugin v27.2 - https:\/\/yoast.com\/product\/yoast-seo-wordpress\/ -->\n<title>Log\u00edstica y servicios urbanos - Groupe INDIGO<\/title>\n<meta name=\"description\" content=\"Para adaptarse a los nuevos usos de la ciudad, INDIGO est\u00e1 transformando sus infraestructuras en espacios log\u00edsticos urbanos y ofreciendo nuevos servicios.\" \/>\n<meta name=\"robots\" content=\"index, follow, max-snippet:-1, max-image-preview:large, max-video-preview:-1\" \/>\n<link rel=\"canonical\" href=\"https:\/\/www.group-indigo.com\/es\/metier\/logistica-y-servicios-urbanos\/\" \/>\n<meta property=\"og:locale\" content=\"es_ES\" \/>\n<meta property=\"og:type\" content=\"article\" \/>\n<meta property=\"og:title\" content=\"Log\u00edstica y servicios urbanos - Groupe INDIGO\" \/>\n<meta property=\"og:description\" content=\"Para adaptarse a los nuevos usos de la ciudad, INDIGO est\u00e1 transformando sus infraestructuras en espacios log\u00edsticos urbanos y ofreciendo nuevos servicios.\" \/>\n<meta property=\"og:url\" content=\"https:\/\/www.group-indigo.com\/es\/metier\/logistica-y-servicios-urbanos\/\" \/>\n<meta property=\"og:site_name\" content=\"Groupe INDIGO\" \/>\n<meta property=\"article:modified_time\" content=\"2025-06-26T15:07:24+00:00\" \/>\n<meta name=\"twitter:card\" content=\"summary_large_image\" \/>\n<script type=\"application\/ld+json\" class=\"yoast-schema-graph\">{\"@context\":\"https:\/\/schema.org\",\"@graph\":[{\"@type\":\"WebPage\",\"@id\":\"https:\/\/www.group-indigo.com\/es\/metier\/logistica-y-servicios-urbanos\/\",\"url\":\"https:\/\/www.group-indigo.com\/es\/metier\/logistica-y-servicios-urbanos\/\",\"name\":\"Log\u00edstica y servicios urbanos - Groupe INDIGO\",\"isPartOf\":{\"@id\":\"https:\/\/www.group-indigo.com\/es\/#website\"},\"datePublished\":\"2025-02-03T13:21:13+00:00\",\"dateModified\":\"2025-06-26T15:07:24+00:00\",\"description\":\"Para adaptarse a los nuevos usos de la ciudad, INDIGO est\u00e1 transformando sus infraestructuras en espacios log\u00edsticos urbanos y ofreciendo nuevos servicios.\",\"breadcrumb\":{\"@id\":\"https:\/\/www.group-indigo.com\/es\/metier\/logistica-y-servicios-urbanos\/#breadcrumb\"},\"inLanguage\":\"es\",\"potentialAction\":[{\"@type\":\"ReadAction\",\"target\":[\"https:\/\/www.group-indigo.com\/es\/metier\/logistica-y-servicios-urbanos\/\"]}]},{\"@type\":\"BreadcrumbList\",\"@id\":\"https:\/\/www.group-indigo.com\/es\/metier\/logistica-y-servicios-urbanos\/#breadcrumb\",\"itemListElement\":[{\"@type\":\"ListItem\",\"position\":1,\"name\":\"Home\",\"item\":\"https:\/\/www.group-indigo.com\/es\/\"},{\"@type\":\"ListItem\",\"position\":2,\"name\":\"Log\u00edstica y servicios urbanos\"}]},{\"@type\":\"WebSite\",\"@id\":\"https:\/\/www.group-indigo.com\/es\/#website\",\"url\":\"https:\/\/www.group-indigo.com\/es\/\",\"name\":\"Groupe INDIGO\",\"description\":\"\",\"publisher\":{\"@id\":\"https:\/\/www.group-indigo.com\/es\/#organization\"},\"potentialAction\":[{\"@type\":\"SearchAction\",\"target\":{\"@type\":\"EntryPoint\",\"urlTemplate\":\"https:\/\/www.group-indigo.com\/es\/?s={search_term_string}\"},\"query-input\":{\"@type\":\"PropertyValueSpecification\",\"valueRequired\":true,\"valueName\":\"search_term_string\"}}],\"inLanguage\":\"es\"},{\"@type\":\"Organization\",\"@id\":\"https:\/\/www.group-indigo.com\/es\/#organization\",\"name\":\"Groupe INDIGO\",\"url\":\"https:\/\/www.group-indigo.com\/es\/\",\"logo\":{\"@type\":\"ImageObject\",\"inLanguage\":\"es\",\"@id\":\"https:\/\/www.group-indigo.com\/es\/#\/schema\/logo\/image\/\",\"url\":\"https:\/\/www.group-indigo.com\/wp-content\/uploads\/2026\/03\/login-logo.svg\",\"contentUrl\":\"https:\/\/www.group-indigo.com\/wp-content\/uploads\/2026\/03\/login-logo.svg\",\"width\":223,\"height\":49,\"caption\":\"Groupe INDIGO\"},\"image\":{\"@id\":\"https:\/\/www.group-indigo.com\/es\/#\/schema\/logo\/image\/\"}}]}<\/script>\n<!-- \/ Yoast SEO plugin. -->","yoast_head_json":{"title":"Log\u00edstica y servicios urbanos - Groupe INDIGO","description":"Para adaptarse a los nuevos usos de la ciudad, INDIGO est\u00e1 transformando sus infraestructuras en espacios log\u00edsticos urbanos y ofreciendo nuevos servicios.","robots":{"index":"index","follow":"follow","max-snippet":"max-snippet:-1","max-image-preview":"max-image-preview:large","max-video-preview":"max-video-preview:-1"},"canonical":"https:\/\/www.group-indigo.com\/es\/metier\/logistica-y-servicios-urbanos\/","og_locale":"es_ES","og_type":"article","og_title":"Log\u00edstica y servicios urbanos - Groupe INDIGO","og_description":"Para adaptarse a los nuevos usos de la ciudad, INDIGO est\u00e1 transformando sus infraestructuras en espacios log\u00edsticos urbanos y ofreciendo nuevos servicios.","og_url":"https:\/\/www.group-indigo.com\/es\/metier\/logistica-y-servicios-urbanos\/","og_site_name":"Groupe INDIGO","article_modified_time":"2025-06-26T15:07:24+00:00","twitter_card":"summary_large_image","schema":{"@context":"https:\/\/schema.org","@graph":[{"@type":"WebPage","@id":"https:\/\/www.group-indigo.com\/es\/metier\/logistica-y-servicios-urbanos\/","url":"https:\/\/www.group-indigo.com\/es\/metier\/logistica-y-servicios-urbanos\/","name":"Log\u00edstica y servicios urbanos - Groupe INDIGO","isPartOf":{"@id":"https:\/\/www.group-indigo.com\/es\/#website"},"datePublished":"2025-02-03T13:21:13+00:00","dateModified":"2025-06-26T15:07:24+00:00","description":"Para adaptarse a los nuevos usos de la ciudad, INDIGO est\u00e1 transformando sus infraestructuras en espacios log\u00edsticos urbanos y ofreciendo nuevos servicios.","breadcrumb":{"@id":"https:\/\/www.group-indigo.com\/es\/metier\/logistica-y-servicios-urbanos\/#breadcrumb"},"inLanguage":"es","potentialAction":[{"@type":"ReadAction","target":["https:\/\/www.group-indigo.com\/es\/metier\/logistica-y-servicios-urbanos\/"]}]},{"@type":"BreadcrumbList","@id":"https:\/\/www.group-indigo.com\/es\/metier\/logistica-y-servicios-urbanos\/#breadcrumb","itemListElement":[{"@type":"ListItem","position":1,"name":"Home","item":"https:\/\/www.group-indigo.com\/es\/"},{"@type":"ListItem","position":2,"name":"Log\u00edstica y servicios urbanos"}]},{"@type":"WebSite","@id":"https:\/\/www.group-indigo.com\/es\/#website","url":"https:\/\/www.group-indigo.com\/es\/","name":"Groupe INDIGO","description":"","publisher":{"@id":"https:\/\/www.group-indigo.com\/es\/#organization"},"potentialAction":[{"@type":"SearchAction","target":{"@type":"EntryPoint","urlTemplate":"https:\/\/www.group-indigo.com\/es\/?s={search_term_string}"},"query-input":{"@type":"PropertyValueSpecification","valueRequired":true,"valueName":"search_term_string"}}],"inLanguage":"es"},{"@type":"Organization","@id":"https:\/\/www.group-indigo.com\/es\/#organization","name":"Groupe INDIGO","url":"https:\/\/www.group-indigo.com\/es\/","logo":{"@type":"ImageObject","inLanguage":"es","@id":"https:\/\/www.group-indigo.com\/es\/#\/schema\/logo\/image\/","url":"https:\/\/www.group-indigo.com\/wp-content\/uploads\/2026\/03\/login-logo.svg","contentUrl":"https:\/\/www.group-indigo.com\/wp-content\/uploads\/2026\/03\/login-logo.svg","width":223,"height":49,"caption":"Groupe INDIGO"},"image":{"@id":"https:\/\/www.group-indigo.com\/es\/#\/schema\/logo\/image\/"}}]}},"_links":{"self":[{"href":"https:\/\/www.group-indigo.com\/es\/wp-json\/wp\/v2\/metier\/1100084804","targetHints":{"allow":["GET"]}}],"collection":[{"href":"https:\/\/www.group-indigo.com\/es\/wp-json\/wp\/v2\/metier"}],"about":[{"href":"https:\/\/www.group-indigo.com\/es\/wp-json\/wp\/v2\/types\/metier"}],"version-history":[{"count":1,"href":"https:\/\/www.group-indigo.com\/es\/wp-json\/wp\/v2\/metier\/1100084804\/revisions"}],"predecessor-version":[{"id":1100084805,"href":"https:\/\/www.group-indigo.com\/es\/wp-json\/wp\/v2\/metier\/1100084804\/revisions\/1100084805"}],"wp:attachment":[{"href":"https:\/\/www.group-indigo.com\/es\/wp-json\/wp\/v2\/media?parent=1100084804"}],"curies":[{"name":"wp","href":"https:\/\/api.w.org\/{rel}","templated":true}]}}