{"id":1100084820,"date":"2025-01-10T16:34:00","date_gmt":"2025-01-10T15:34:00","guid":{"rendered":"https:\/\/www.group-indigo.com\/metier\/aparcamiento-en-la-calle\/"},"modified":"2025-06-27T15:23:23","modified_gmt":"2025-06-27T13:23:23","slug":"aparcamiento-en-la-calle","status":"publish","type":"metier","link":"https:\/\/www.group-indigo.com\/es\/metier\/aparcamiento-en-la-calle\/","title":{"rendered":"Aparcamiento en la calle"},"content":{"rendered":"\r\n<section class=\"gut-block gut-hero-simple type-image\" >\r\n\t<div class=\"bg\">\r\n\t\t<div class=\"wrap\"><\/div>\r\n\t<\/div>\r\n\r\n\t<div class=\"wrap\">\r\n\t\t\t\t\t<div class=\"grid-container\">\r\n\t\t\t\t<div class=\"grid-el-md-5 contents\">\r\n\t\t\t\t\t<nav class=\"breadcrumb\" role=\"navigation\" aria-label=\"Rastro de migas de pan :\">\r\n\t<ul class=\"breadcrumb-list\">\r\n\t\t<li class=\"breadcrumb-item\">\r\n\t\t\t<a href=\"https:\/\/www.group-indigo.com\/es\/\">Inicio<\/a>\r\n\t\t<\/li>\r\n\r\n\t\t\t\t\t\t\t\t\t\t\t<li class=\"breadcrumb-item\">\r\n\t\t\t\t\t\t<span>Actividades<\/span>\r\n\t\t\t\t\t<\/li>\r\n\r\n\t\t\t\t\t<li class=\"breadcrumb-item\">\r\n\t\t\t\t\t\t<span>Nuestras l\u00edneas de negocio<\/span>\r\n\t\t\t\t\t<\/li>\r\n\r\n\t\t\t\t\t<li class=\"breadcrumb-item\" aria-current=\"page\">\r\n\t\t\t\t\t\tAparcamiento en la calle\t\t\t\t\t<\/li>\r\n\t\t\t\t\t\t\t\t\t\t<\/ul>\r\n<\/nav>\r\n\t\t\t\t\t<div class=\"content-part\">\r\n\t\t\t\t\t\t\r\n\t\t\t\t\t\t\t\t\t\t\t\t\t<h1 class=\"block-title titre-h2\">EXPERTO EN APARCAMIENTO EN LA CALLE<\/h1>\r\n\t\t\t\t\t\t\r\n\t\t\t\t\t\t<div class=\"textes\">\r\n\t\t\t\t\t\t\t\t\t\t\t\t\t\t\t<div class=\"texte wysiwyg-content\">\r\n\t\t\t\t\t\t\t\t\t<p>INDIGO ayuda a las ciudades a aplicar su estrategia de movilidad. Control, mantenimiento, recogida, asesoramiento, relaci\u00f3n con los usuarios&#8230; Ponemos nuestro saber hacer al servicio de los retos para hacer m\u00e1s fluidos y din\u00e1micos los centros urbanos. <\/p>\r\n\t\t\t\t\t\t\t\t<\/div>\r\n\t\t\t\t\t\t\t\r\n\t\t\t\t\t\t\t\t\t\t\t\t\t<\/div>\r\n\r\n\t\t\t\t\t\t\t\t\t\t\t<\/div>\r\n\t\t\t\t<\/div>\r\n\r\n\t\t\t\t\t\t\t\t\t<div class=\"img-part grid-el-md-6\">\r\n\t\t\t\t\t\t<figure class=\"img\">\r\n\t\t\t\t\t\t\t<img decoding=\"async\" width=\"1620\" height=\"1080\" src=\"https:\/\/www.group-indigo.com\/wp-content\/uploads\/2025\/01\/Bordeaux-293-1620x1080.jpg\" class=\"attachment-banner size-banner\" alt=\"\" srcset=\"https:\/\/www.group-indigo.com\/wp-content\/uploads\/2025\/01\/Bordeaux-293-1620x1080.jpg 1620w, https:\/\/www.group-indigo.com\/wp-content\/uploads\/2025\/01\/Bordeaux-293-300x200.jpg 300w, https:\/\/www.group-indigo.com\/wp-content\/uploads\/2025\/01\/Bordeaux-293-1024x683.jpg 1024w, https:\/\/www.group-indigo.com\/wp-content\/uploads\/2025\/01\/Bordeaux-293-768x512.jpg 768w, https:\/\/www.group-indigo.com\/wp-content\/uploads\/2025\/01\/Bordeaux-293-1536x1024.jpg 1536w, https:\/\/www.group-indigo.com\/wp-content\/uploads\/2025\/01\/Bordeaux-293-scaled.jpg 2048w\" sizes=\"(max-width: 1620px) 100vw, 1620px\" \/>\t\t\t\t\t\t<\/figure>\r\n\t\t\t\t\t<\/div>\r\n\t\t\t\t\r\n\t\t\t\t\t\t\t<\/div>\r\n\t\t\r\n\t\t\t<\/div>\r\n<\/section>\r\n\n\n\t<section class=\"gut-block gut-chiffres-cles bg-color-blanc\" >\n\t\t<div class=\"wrap\">\n\t\t\t<div class=\"chiffres-cles\">\n\t\t\t\t\t\t\t\t\t<div class=\"item\">\n\t\t\t\t\t\t\t\t\t\t\t\t\t<p class=\"chiffre\">3.200<\/p>\n\t\t\t\t\t\t\n\t\t\t\t\t\t\t\t\t\t\t\t\t<p class=\"description\">km de carreteras explotadas en todo el mundo<\/p>\n\t\t\t\t\t\t\t\t\t\t\t<\/div>\n\t\t\t\t\t\t\t\t\t<div class=\"item\">\n\t\t\t\t\t\t\t\t\t\t\t\t\t<p class=\"chiffre\">16.200<\/p>\n\t\t\t\t\t\t\n\t\t\t\t\t\t\t\t\t\t\t\t\t<p class=\"description\">parqu\u00edmetros gestionados<\/p>\n\t\t\t\t\t\t\t\t\t\t\t<\/div>\n\t\t\t\t\t\t\t<\/div>\n\n\t\t\t\t\t<\/div>\n\t<\/section>\n\r\n\n\n<section class=\"gut-block gut-fifty-fifty position-left bg-color-blanc\" >\n\t<div class=\"wrap grid-container\">\n\t\t\t\t\t<div class=\"img-part grid-el-tb-4 grid-el-md-5\">\n\t\t\t\t<figure class=\"img \">\n\t\t\t\t\t<img decoding=\"async\" width=\"1620\" height=\"1080\" src=\"https:\/\/www.group-indigo.com\/wp-content\/uploads\/2025\/02\/Caen-215-1620x1080.jpg\" class=\"attachment-banner size-banner\" alt=\"\" srcset=\"https:\/\/www.group-indigo.com\/wp-content\/uploads\/2025\/02\/Caen-215-1620x1080.jpg 1620w, https:\/\/www.group-indigo.com\/wp-content\/uploads\/2025\/02\/Caen-215-300x200.jpg 300w, https:\/\/www.group-indigo.com\/wp-content\/uploads\/2025\/02\/Caen-215-1024x683.jpg 1024w, https:\/\/www.group-indigo.com\/wp-content\/uploads\/2025\/02\/Caen-215-768x512.jpg 768w, https:\/\/www.group-indigo.com\/wp-content\/uploads\/2025\/02\/Caen-215-1536x1024.jpg 1536w, https:\/\/www.group-indigo.com\/wp-content\/uploads\/2025\/02\/Caen-215-scaled.jpg 2048w\" sizes=\"(max-width: 1620px) 100vw, 1620px\" \/>\t\t\t\t<\/figure>\n\t\t\t<\/div>\n\t\t\n\t\t<div class=\"content-part grid-el-tb-7 grid-el-md-5\">\n\t\t\t\t\t\t\t<h2 class=\"block-title titre-h2\">DESCUBRE NUESTRA EXPERIENCIA<\/h2>\n\t\t\t\n\t\t\t\t\t\t\t<div class=\"texte wysiwyg-content\">\n\t\t\t\t\t<p><span class=\"TextRun SCXW42801072 BCX0\" lang=\"FR-FR\" data-contrast=\"auto\" xml:lang=\"FR-FR\"><span class=\"NormalTextRun SCXW42801072 BCX0\">Con 25 a\u00f1os de experiencia al servicio de las autoridades locales, INDIGO cubre toda la cadena del aparcamiento en la v\u00eda p\u00fablica<\/span><span class=\"NormalTextRun SCXW42801072 BCX0\">.<\/span><\/span><span class=\"EOP SCXW42801072 BCX0\" data-ccp-props=\"{}\"> <\/span><\/p>\n\t\t\t\t<\/div>\n\t\t\t\n\t\t\t\t\t\t\t<ul class=\"liens \">\n\t\t\t\t\t\t\t\t\t\t\t\t\t\t\t\t\t<li>\n\t\t\t\t\t\t\t<a href=\"https:\/\/www.group-indigo.com\/es\/metier\/gestion-del-aparcamiento-en-la-via-publica-y-servicios-a-los-usuarios#PolitiqueStationnement\" target=\"_self\">Pol\u00edtica de aparcamientos<\/a>\n\t\t\t\t\t\t<\/li>\n\t\t\t\t\t\t\t\t\t\t\t\t\t\t\t\t\t<li>\n\t\t\t\t\t\t\t<a href=\"https:\/\/www.group-indigo.com\/es\/metier\/gestion-del-aparcamiento-en-la-via-publica-y-servicios-a-los-usuarios#AccueilUsagers\" target=\"_self\">Recepci\u00f3n de usuarios y gesti\u00f3n de abonados<\/a>\n\t\t\t\t\t\t<\/li>\n\t\t\t\t\t\t\t\t\t\t\t\t\t\t\t\t\t<li>\n\t\t\t\t\t\t\t<a href=\"https:\/\/www.group-indigo.com\/es\/metier\/gestion-del-aparcamiento-en-la-via-publica-y-servicios-a-los-usuarios#MaintenanceHorodateurs\" target=\"_self\">Mantenimiento de parqu\u00edmetros y recaudaci\u00f3n<\/a>\n\t\t\t\t\t\t<\/li>\n\t\t\t\t\t\t\t\t\t\t\t\t\t\t\t\t\t<li>\n\t\t\t\t\t\t\t<a href=\"https:\/\/www.group-indigo.com\/es\/metier\/gestion-del-aparcamiento-en-la-via-publica-y-servicios-a-los-usuarios#MoyensPaiement\" target=\"_self\">Formas de pago<\/a>\n\t\t\t\t\t\t<\/li>\n\t\t\t\t\t\t\t\t\t\t\t\t\t\t\t\t\t<li>\n\t\t\t\t\t\t\t<a href=\"https:\/\/www.group-indigo.com\/es\/metier\/gestion-del-aparcamiento-en-la-via-publica-y-servicios-a-los-usuarios#SolutionPaiementDematerialise\" target=\"_self\">Soluci\u00f3n de pago sin papel<\/a>\n\t\t\t\t\t\t<\/li>\n\t\t\t\t\t\t\t\t\t\t\t\t\t\t\t\t\t<li>\n\t\t\t\t\t\t\t<a href=\"https:\/\/www.group-indigo.com\/es\/metier\/control-del-aparcamiento-de-pago\/\" target=\"_self\">Control del aparcamiento de pago<\/a>\n\t\t\t\t\t\t<\/li>\n\t\t\t\t\t\t\t\t\t\t\t\t\t\t\t\t\t<li>\n\t\t\t\t\t\t\t<a href=\"https:\/\/www.group-indigo.com\/es\/metier\/control-del-aparcamiento-de-pago#GestionRecours\" target=\"_self\">Gesti\u00f3n de recursos<\/a>\n\t\t\t\t\t\t<\/li>\n\t\t\t\t\t\t\t\t\t<\/ul>\n\t\t\t\n\t\t\t\n\t\t\t\t\t<\/div>\n\t<\/div>\n<\/section>\r\n\n\n\n<section class=\"gut-block gut-references bg-color-blanc\" >\n\t<div class=\"wrap\">\n\t\t\t<div class=\"block-intro grid-container\">\n\t\t\t\t\t<h2 class=\"block-title titre-h2 grid-el-tb-8 grid-el-md-6 \">NUESTRAS REFERENCIAS<\/h2>\n\t\t\n\t\t\t\t\t<div class=\"right grid-el-tb-8 grid-el-md-4\">\n\t\t\t\t\t\t\t\t\t<div class=\"texte wysiwyg-content\">\n\t\t\t\t\t\t<p><span class=\"NormalTextRun SCXW185145171 BCX0\">Descubre<\/span><span class=\"NormalTextRun SCXW185145171 BCX0\"> todas nuestras referencias<\/span><span class=\"NormalTextRun SCXW185145171 BCX0\">.<\/span><\/p>\n\t\t\t\t\t<\/div>\n\t\t\t\t\n\t\t\t\t\t\t\t\t\t\t\t\t\t\t<div class=\"btn-container\">\n\t\t\t\t\t\t<a href=\"https:\/\/www.group-indigo.com\/es\/referencias\/\" target=\"_self\" class=\"btn-secondary\">Ver todas las referencias<\/a>\n\t\t\t\t\t<\/div>\n\t\t\t\t\n\t\t\t\t\t\t\t<\/div>\n\t\t\t<\/div>\n\n\t\t<div class=\"slider-container\">\n\t\t\t<div class=\"swiper\">\n\t\t\t\t<div class=\"swiper-wrapper\">\n\t\t\t\t\t\t\t\t\t\t\t<div class=\"swiper-slide\">\n\t\t\t\t\t\t\t<div class=\"reference-wrapper\">\n\t\t\t\t\t\t\t\t<a href=\"https:\/\/www.group-indigo.com\/es\/reference\/aparcamiento-en-la-calle-ville-de-bordeaux\/\" class=\"reference-item\">\n\t\t\t\t\t\t\t\t\t\t\t\t\t\t\t\t\t\t\t<p class=\"localisation\">\n\t\t\t\t\t\t\t\t\t\t\t\t\t\t\t\t\t\t\t\t\t\t\tBurdeos, \t\t\t\t\t\t\t\t\t\t\t\t\t\t\t\t\t\t\t\t\t\t\t\t\t\t\t\t\t\t\tFrance\t\t\t\t\t\t\t\t\t\t\t\t\t\t\t\t\t\t\t\t<\/p>\n\t\t\t\t\t\t\t\t\t\n\t\t\t\t\t\t\t\t\t<p class=\"title\">Aparcamiento en la calle &#8211; Ville de Bordeaux<\/p>\n\n\t\t\t\t\t\t\t\t\t\t\t\t\t\t\t\t\t\t\t<figure class=\"img\">\n\t\t\t\t\t\t\t\t\t\t\t<img decoding=\"async\" width=\"683\" height=\"1024\" src=\"https:\/\/www.group-indigo.com\/wp-content\/uploads\/2025\/02\/Bordeaux-311-scaled-683x1024.jpg\" class=\"attachment-large size-large\" alt=\"\" srcset=\"https:\/\/www.group-indigo.com\/wp-content\/uploads\/2025\/02\/Bordeaux-311-scaled-683x1024.jpg 683w, https:\/\/www.group-indigo.com\/wp-content\/uploads\/2025\/02\/Bordeaux-311-scaled-200x300.jpg 200w, https:\/\/www.group-indigo.com\/wp-content\/uploads\/2025\/02\/Bordeaux-311-scaled-768x1152.jpg 768w, https:\/\/www.group-indigo.com\/wp-content\/uploads\/2025\/02\/Bordeaux-311-scaled-1024x1536.jpg 1024w, https:\/\/www.group-indigo.com\/wp-content\/uploads\/2025\/02\/Bordeaux-311-scaled-720x1080.jpg 720w, https:\/\/www.group-indigo.com\/wp-content\/uploads\/2025\/02\/Bordeaux-311-scaled.jpg 1365w\" sizes=\"(max-width: 683px) 100vw, 683px\" \/>\t\t\t\t\t\t\t\t\t\t<\/figure>\n\t\t\t\t\t\t\t\t\t\t\t\t\t\t\t\t\t<\/a>\n\n\t\t\t\t\t\t\t\t\t\t\t\t\t\t\t<\/div>\n\t\t\t\t\t\t<\/div>\n\t\t\t\t\t\t\t\t\t\t\t<div class=\"swiper-slide\">\n\t\t\t\t\t\t\t<div class=\"reference-wrapper\">\n\t\t\t\t\t\t\t\t<a href=\"https:\/\/www.group-indigo.com\/es\/reference\/aparcamiento-en-la-calle-ville-de-nice\/\" class=\"reference-item\">\n\t\t\t\t\t\t\t\t\t\t\t\t\t\t\t\t\t\t\t<p class=\"localisation\">\n\t\t\t\t\t\t\t\t\t\t\t\t\t\t\t\t\t\t\t\t\t\t\tBonito, \t\t\t\t\t\t\t\t\t\t\t\t\t\t\t\t\t\t\t\t\t\t\t\t\t\t\t\t\t\t\tFrance\t\t\t\t\t\t\t\t\t\t\t\t\t\t\t\t\t\t\t\t<\/p>\n\t\t\t\t\t\t\t\t\t\n\t\t\t\t\t\t\t\t\t<p class=\"title\">Aparcamiento en la calle &#8211; Ville de Nice<\/p>\n\n\t\t\t\t\t\t\t\t\t\t\t\t\t\t\t\t\t\t\t<figure class=\"img\">\n\t\t\t\t\t\t\t\t\t\t\t<img decoding=\"async\" width=\"1000\" height=\"667\" src=\"https:\/\/www.group-indigo.com\/wp-content\/uploads\/2025\/02\/shutterstock_156444755-Personnalise.jpg\" class=\"attachment-large size-large\" alt=\"\" srcset=\"https:\/\/www.group-indigo.com\/wp-content\/uploads\/2025\/02\/shutterstock_156444755-Personnalise.jpg 1000w, https:\/\/www.group-indigo.com\/wp-content\/uploads\/2025\/02\/shutterstock_156444755-Personnalise-300x200.jpg 300w, https:\/\/www.group-indigo.com\/wp-content\/uploads\/2025\/02\/shutterstock_156444755-Personnalise-768x512.jpg 768w\" sizes=\"(max-width: 1000px) 100vw, 1000px\" \/>\t\t\t\t\t\t\t\t\t\t<\/figure>\n\t\t\t\t\t\t\t\t\t\t\t\t\t\t\t\t\t<\/a>\n\n\t\t\t\t\t\t\t\t\t\t\t\t\t\t\t<\/div>\n\t\t\t\t\t\t<\/div>\n\t\t\t\t\t\t\t\t\t\t\t<div class=\"swiper-slide\">\n\t\t\t\t\t\t\t<div class=\"reference-wrapper\">\n\t\t\t\t\t\t\t\t<a href=\"https:\/\/www.group-indigo.com\/es\/reference\/estacionamiento-regulado-en-superficie-madrid\/\" class=\"reference-item\">\n\t\t\t\t\t\t\t\t\t\t\t\t\t\t\t\t\t\t\t<p class=\"localisation\">\n\t\t\t\t\t\t\t\t\t\t\t\t\t\t\t\t\t\t\t\t\t\t\tMadrid, \t\t\t\t\t\t\t\t\t\t\t\t\t\t\t\t\t\t\t\t\t\t\t\t\t\t\t\t\t\t\tEspagne\t\t\t\t\t\t\t\t\t\t\t\t\t\t\t\t\t\t\t\t<\/p>\n\t\t\t\t\t\t\t\t\t\n\t\t\t\t\t\t\t\t\t<p class=\"title\">Estacionamiento Regulado en Superficie<\/p>\n\n\t\t\t\t\t\t\t\t\t\t\t\t\t\t\t\t\t\t\t<figure class=\"img\">\n\t\t\t\t\t\t\t\t\t\t\t<img decoding=\"async\" width=\"796\" height=\"1024\" src=\"https:\/\/www.group-indigo.com\/wp-content\/uploads\/2025\/02\/onstreet-796x1024.jpg\" class=\"attachment-large size-large\" alt=\"\" srcset=\"https:\/\/www.group-indigo.com\/wp-content\/uploads\/2025\/02\/onstreet-796x1024.jpg 796w, https:\/\/www.group-indigo.com\/wp-content\/uploads\/2025\/02\/onstreet-233x300.jpg 233w, https:\/\/www.group-indigo.com\/wp-content\/uploads\/2025\/02\/onstreet-768x987.jpg 768w, https:\/\/www.group-indigo.com\/wp-content\/uploads\/2025\/02\/onstreet-840x1080.jpg 840w, https:\/\/www.group-indigo.com\/wp-content\/uploads\/2025\/02\/onstreet.jpg 896w\" sizes=\"(max-width: 796px) 100vw, 796px\" \/>\t\t\t\t\t\t\t\t\t\t<\/figure>\n\t\t\t\t\t\t\t\t\t\t\t\t\t\t\t\t\t<\/a>\n\n\t\t\t\t\t\t\t\t\t\t\t\t\t\t\t<\/div>\n\t\t\t\t\t\t<\/div>\n\t\t\t\t\t\t\t\t\t\t\t<div class=\"swiper-slide\">\n\t\t\t\t\t\t\t<div class=\"reference-wrapper\">\n\t\t\t\t\t\t\t\t<a href=\"https:\/\/www.group-indigo.com\/es\/reference\/aparcamiento-en-la-calle-ville-de-nancy\/\" class=\"reference-item\">\n\t\t\t\t\t\t\t\t\t\t\t\t\t\t\t\t\t\t\t<p class=\"localisation\">\n\t\t\t\t\t\t\t\t\t\t\t\t\t\t\t\t\t\t\t\t\t\t\tNancy, \t\t\t\t\t\t\t\t\t\t\t\t\t\t\t\t\t\t\t\t\t\t\t\t\t\t\t\t\t\t\tFrance\t\t\t\t\t\t\t\t\t\t\t\t\t\t\t\t\t\t\t\t<\/p>\n\t\t\t\t\t\t\t\t\t\n\t\t\t\t\t\t\t\t\t<p class=\"title\">Aparcamiento en la calle &#8211; Ville de Nancy<\/p>\n\n\t\t\t\t\t\t\t\t\t\t\t\t\t\t\t\t\t\t\t<figure class=\"img\">\n\t\t\t\t\t\t\t\t\t\t\t<img decoding=\"async\" width=\"683\" height=\"1024\" src=\"https:\/\/www.group-indigo.com\/wp-content\/uploads\/2025\/02\/shutterstock_702798502-Grand-683x1024.jpg\" class=\"attachment-large size-large\" alt=\"\" srcset=\"https:\/\/www.group-indigo.com\/wp-content\/uploads\/2025\/02\/shutterstock_702798502-Grand-683x1024.jpg 683w, https:\/\/www.group-indigo.com\/wp-content\/uploads\/2025\/02\/shutterstock_702798502-Grand-200x300.jpg 200w, https:\/\/www.group-indigo.com\/wp-content\/uploads\/2025\/02\/shutterstock_702798502-Grand.jpg 720w\" sizes=\"(max-width: 683px) 100vw, 683px\" \/>\t\t\t\t\t\t\t\t\t\t<\/figure>\n\t\t\t\t\t\t\t\t\t\t\t\t\t\t\t\t\t<\/a>\n\n\t\t\t\t\t\t\t\t\t\t\t\t\t\t\t<\/div>\n\t\t\t\t\t\t<\/div>\n\t\t\t\t\t\t\t\t\t\t\t<div class=\"swiper-slide\">\n\t\t\t\t\t\t\t<div class=\"reference-wrapper\">\n\t\t\t\t\t\t\t\t<a href=\"https:\/\/www.group-indigo.com\/es\/reference\/gestion-del-aparcamiento-de-pago-en-grudziadz\/\" class=\"reference-item\">\n\t\t\t\t\t\t\t\t\t\t\t\t\t\t\t\t\t\t\t<p class=\"localisation\">\n\t\t\t\t\t\t\t\t\t\t\t\t\t\t\t\t\t\t\t\t\t\t\tGrudzi\u0105dz, \t\t\t\t\t\t\t\t\t\t\t\t\t\t\t\t\t\t\t\t\t\t\t\t\t\t\t\t\t\t\tPologne\t\t\t\t\t\t\t\t\t\t\t\t\t\t\t\t\t\t\t\t<\/p>\n\t\t\t\t\t\t\t\t\t\n\t\t\t\t\t\t\t\t\t<p class=\"title\">Gesti\u00f3n del aparcamiento de pago en Grudziadz<\/p>\n\n\t\t\t\t\t\t\t\t\t\t\t\t\t\t\t\t\t\t\t<figure class=\"img\">\n\t\t\t\t\t\t\t\t\t\t\t<img decoding=\"async\" width=\"1024\" height=\"786\" src=\"https:\/\/www.group-indigo.com\/wp-content\/uploads\/2025\/02\/POLAND_GRUDZIADZ_SMALL_20240719_112807_2-scaled-1024x786.jpg\" class=\"attachment-large size-large\" alt=\"\" srcset=\"https:\/\/www.group-indigo.com\/wp-content\/uploads\/2025\/02\/POLAND_GRUDZIADZ_SMALL_20240719_112807_2-scaled-1024x786.jpg 1024w, https:\/\/www.group-indigo.com\/wp-content\/uploads\/2025\/02\/POLAND_GRUDZIADZ_SMALL_20240719_112807_2-scaled-300x230.jpg 300w, https:\/\/www.group-indigo.com\/wp-content\/uploads\/2025\/02\/POLAND_GRUDZIADZ_SMALL_20240719_112807_2-scaled-768x589.jpg 768w, https:\/\/www.group-indigo.com\/wp-content\/uploads\/2025\/02\/POLAND_GRUDZIADZ_SMALL_20240719_112807_2-scaled-1536x1178.jpg 1536w, https:\/\/www.group-indigo.com\/wp-content\/uploads\/2025\/02\/POLAND_GRUDZIADZ_SMALL_20240719_112807_2-scaled-1408x1080.jpg 1408w, https:\/\/www.group-indigo.com\/wp-content\/uploads\/2025\/02\/POLAND_GRUDZIADZ_SMALL_20240719_112807_2-scaled.jpg 2048w\" sizes=\"(max-width: 1024px) 100vw, 1024px\" \/>\t\t\t\t\t\t\t\t\t\t<\/figure>\n\t\t\t\t\t\t\t\t\t\t\t\t\t\t\t\t\t<\/a>\n\n\t\t\t\t\t\t\t\t\t\t\t\t\t\t\t<\/div>\n\t\t\t\t\t\t<\/div>\n\t\t\t\t\t\t\t\t\t\t\t<div class=\"swiper-slide\">\n\t\t\t\t\t\t\t<div class=\"reference-wrapper\">\n\t\t\t\t\t\t\t\t<a href=\"https:\/\/www.group-indigo.com\/es\/reference\/aparcamiento-en-la-calle-ville-de-versailles\/\" class=\"reference-item\">\n\t\t\t\t\t\t\t\t\t\t\t\t\t\t\t\t\t\t\t<p class=\"localisation\">\n\t\t\t\t\t\t\t\t\t\t\t\t\t\t\t\t\t\t\t\t\t\t\tVersalles, \t\t\t\t\t\t\t\t\t\t\t\t\t\t\t\t\t\t\t\t\t\t\t\t\t\t\t\t\t\t\tFrance\t\t\t\t\t\t\t\t\t\t\t\t\t\t\t\t\t\t\t\t<\/p>\n\t\t\t\t\t\t\t\t\t\n\t\t\t\t\t\t\t\t\t<p class=\"title\">Aparcamiento en la calle &#8211; Ville de Versailles<\/p>\n\n\t\t\t\t\t\t\t\t\t\t\t\t\t\t\t\t\t\t\t<figure class=\"img\">\n\t\t\t\t\t\t\t\t\t\t\t<img decoding=\"async\" width=\"1024\" height=\"683\" src=\"https:\/\/www.group-indigo.com\/wp-content\/uploads\/2025\/02\/shutterstock_381837352-Grand-1024x683.jpg\" class=\"attachment-large size-large\" alt=\"\" srcset=\"https:\/\/www.group-indigo.com\/wp-content\/uploads\/2025\/02\/shutterstock_381837352-Grand-1024x683.jpg 1024w, https:\/\/www.group-indigo.com\/wp-content\/uploads\/2025\/02\/shutterstock_381837352-Grand-300x200.jpg 300w, https:\/\/www.group-indigo.com\/wp-content\/uploads\/2025\/02\/shutterstock_381837352-Grand-768x512.jpg 768w, https:\/\/www.group-indigo.com\/wp-content\/uploads\/2025\/02\/shutterstock_381837352-Grand-1536x1024.jpg 1536w, https:\/\/www.group-indigo.com\/wp-content\/uploads\/2025\/02\/shutterstock_381837352-Grand.jpg 1620w\" sizes=\"(max-width: 1024px) 100vw, 1024px\" \/>\t\t\t\t\t\t\t\t\t\t<\/figure>\n\t\t\t\t\t\t\t\t\t\t\t\t\t\t\t\t\t<\/a>\n\n\t\t\t\t\t\t\t\t\t\t\t\t\t\t\t<\/div>\n\t\t\t\t\t\t<\/div>\n\t\t\t\t\t\t\t\t\t\t\t<div class=\"swiper-slide\">\n\t\t\t\t\t\t\t<div class=\"reference-wrapper\">\n\t\t\t\t\t\t\t\t<a href=\"https:\/\/www.group-indigo.com\/es\/reference\/controles-de-aparcamiento-plaine-commune\/\" class=\"reference-item\">\n\t\t\t\t\t\t\t\t\t\t\t\t\t\t\t\t\t\t\t<p class=\"localisation\">\n\t\t\t\t\t\t\t\t\t\t\t\t\t\t\t\t\t\t\t\t\t\t\tComuna de Plaine, \t\t\t\t\t\t\t\t\t\t\t\t\t\t\t\t\t\t\t\t\t\t\t\t\t\t\t\t\t\t\tFrance\t\t\t\t\t\t\t\t\t\t\t\t\t\t\t\t\t\t\t\t<\/p>\n\t\t\t\t\t\t\t\t\t\n\t\t\t\t\t\t\t\t\t<p class=\"title\">Controles de aparcamiento &#8211; Plaine Commune<\/p>\n\n\t\t\t\t\t\t\t\t\t\t\t\t\t\t\t\t\t\t\t<figure class=\"img\">\n\t\t\t\t\t\t\t\t\t\t\t<img decoding=\"async\" width=\"1\" height=\"1\" src=\"https:\/\/www.group-indigo.com\/wp-content\/uploads\/2025\/03\/PHOTO-Plaine-commune-e1741109797234.jpg\" class=\"attachment-large size-large\" alt=\"\" \/>\t\t\t\t\t\t\t\t\t\t<\/figure>\n\t\t\t\t\t\t\t\t\t\t\t\t\t\t\t\t\t<\/a>\n\n\t\t\t\t\t\t\t\t\t\t\t\t\t\t\t<\/div>\n\t\t\t\t\t\t<\/div>\n\t\t\t\t\t\t\t\t\t\t\t<div class=\"swiper-slide\">\n\t\t\t\t\t\t\t<div class=\"reference-wrapper\">\n\t\t\t\t\t\t\t\t<a href=\"https:\/\/www.group-indigo.com\/es\/reference\/gestion-del-aparcamiento-de-pago-en-lodz\/\" class=\"reference-item\">\n\t\t\t\t\t\t\t\t\t\t\t\t\t\t\t\t\t\t\t<p class=\"localisation\">\n\t\t\t\t\t\t\t\t\t\t\t\t\t\t\t\t\t\t\t\t\t\t\t\u0141\u00f3d\u017a, \t\t\t\t\t\t\t\t\t\t\t\t\t\t\t\t\t\t\t\t\t\t\t\t\t\t\t\t\t\t\tPologne\t\t\t\t\t\t\t\t\t\t\t\t\t\t\t\t\t\t\t\t<\/p>\n\t\t\t\t\t\t\t\t\t\n\t\t\t\t\t\t\t\t\t<p class=\"title\">Gesti\u00f3n del aparcamiento de pago en \u0141\u00f3d\u017a<\/p>\n\n\t\t\t\t\t\t\t\t\t\t\t\t\t\t\t\t\t\t\t<figure class=\"img\">\n\t\t\t\t\t\t\t\t\t\t\t<img decoding=\"async\" width=\"1024\" height=\"655\" src=\"https:\/\/www.group-indigo.com\/wp-content\/uploads\/2025\/02\/DSC7669-scaled-1024x655.jpg\" class=\"attachment-large size-large\" alt=\"\" srcset=\"https:\/\/www.group-indigo.com\/wp-content\/uploads\/2025\/02\/DSC7669-scaled-1024x655.jpg 1024w, https:\/\/www.group-indigo.com\/wp-content\/uploads\/2025\/02\/DSC7669-scaled-300x192.jpg 300w, https:\/\/www.group-indigo.com\/wp-content\/uploads\/2025\/02\/DSC7669-scaled-768x491.jpg 768w, https:\/\/www.group-indigo.com\/wp-content\/uploads\/2025\/02\/DSC7669-scaled-1536x983.jpg 1536w, https:\/\/www.group-indigo.com\/wp-content\/uploads\/2025\/02\/DSC7669-scaled-1688x1080.jpg 1688w, https:\/\/www.group-indigo.com\/wp-content\/uploads\/2025\/02\/DSC7669-scaled.jpg 2048w\" sizes=\"(max-width: 1024px) 100vw, 1024px\" \/>\t\t\t\t\t\t\t\t\t\t<\/figure>\n\t\t\t\t\t\t\t\t\t\t\t\t\t\t\t\t\t<\/a>\n\n\t\t\t\t\t\t\t\t\t\t\t\t\t\t\t<\/div>\n\t\t\t\t\t\t<\/div>\n\t\t\t\t\t\t\t\t\t\t\t<div class=\"swiper-slide\">\n\t\t\t\t\t\t\t<div class=\"reference-wrapper\">\n\t\t\t\t\t\t\t\t<a href=\"https:\/\/www.group-indigo.com\/es\/reference\/alquiler-de-parquimetros-ville-de-lege-cap-ferret\/\" class=\"reference-item\">\n\t\t\t\t\t\t\t\t\t\t\t\t\t\t\t\t\t\t\t<p class=\"localisation\">\n\t\t\t\t\t\t\t\t\t\t\t\t\t\t\t\t\t\t\t\t\t\t\tL\u00e8ge-Cap-Ferret, \t\t\t\t\t\t\t\t\t\t\t\t\t\t\t\t\t\t\t\t\t\t\t\t\t\t\t\t\t\t\tFrance\t\t\t\t\t\t\t\t\t\t\t\t\t\t\t\t\t\t\t\t<\/p>\n\t\t\t\t\t\t\t\t\t\n\t\t\t\t\t\t\t\t\t<p class=\"title\">Alquiler de parqu\u00edmetros &#8211; Ville de L\u00e8ge-Cap-Ferret<\/p>\n\n\t\t\t\t\t\t\t\t\t\t\t\t\t\t\t\t\t\t\t<figure class=\"img\">\n\t\t\t\t\t\t\t\t\t\t\t<img decoding=\"async\" width=\"1024\" height=\"576\" src=\"https:\/\/www.group-indigo.com\/wp-content\/uploads\/2025\/02\/PHOTO-LEGE-CAP-FERRET-2-1024x576.jpg\" class=\"attachment-large size-large\" alt=\"\" srcset=\"https:\/\/www.group-indigo.com\/wp-content\/uploads\/2025\/02\/PHOTO-LEGE-CAP-FERRET-2-1024x576.jpg 1024w, https:\/\/www.group-indigo.com\/wp-content\/uploads\/2025\/02\/PHOTO-LEGE-CAP-FERRET-2-300x169.jpg 300w, https:\/\/www.group-indigo.com\/wp-content\/uploads\/2025\/02\/PHOTO-LEGE-CAP-FERRET-2-768x432.jpg 768w, https:\/\/www.group-indigo.com\/wp-content\/uploads\/2025\/02\/PHOTO-LEGE-CAP-FERRET-2.jpg 1280w\" sizes=\"(max-width: 1024px) 100vw, 1024px\" \/>\t\t\t\t\t\t\t\t\t\t<\/figure>\n\t\t\t\t\t\t\t\t\t\t\t\t\t\t\t\t\t<\/a>\n\n\t\t\t\t\t\t\t\t\t\t\t\t\t\t\t<\/div>\n\t\t\t\t\t\t<\/div>\n\t\t\t\t\t\t\t\t\t<\/div>\n\t\t\t<\/div>\n\n\t\t\t<div class=\"swiper-nav\">\n\t\t\t\t<button type=\"button\" class=\"swiper-btn swiper-btn-prev\" aria-label=\"Anterior\"><span class=\"icon icon-arrow-left\" aria-hidden=\"true\"><\/span><\/button>\n\t\t\t\t<button type=\"button\" class=\"swiper-btn swiper-btn-next\" aria-label=\"Siguiente\"><span class=\"icon icon-arrow-right\" aria-hidden=\"true\"><\/span><\/button>\n\t\t\t<\/div>\n\t\t<\/div>\n\t<\/div>\n<\/section>\n\r\n\n\n<section class=\"gut-block gut-cards bg-color-blanc\" >\n\t<div class=\"wrap\">\n\t\t\t<div class=\"block-intro grid-container\">\n\t\t\t\t\t<h2 class=\"block-title titre-h2 grid-el-tb-8 grid-el-md-6 \">APOYO PERSONALIZADO<\/h2>\n\t\t\n\t\t\t\t\t<div class=\"right grid-el-tb-8 grid-el-md-4\">\n\t\t\t\t\t\t\t\t\t<div class=\"texte wysiwyg-content\">\n\t\t\t\t\t\t<p><span class=\"TextRun SCXW135218739 BCX0\" lang=\"FR-FR\" data-contrast=\"auto\" xml:lang=\"FR-FR\"><span class=\"NormalTextRun SCXW135218739 BCX0\">INDIGO ofrece una gama de servicios y herramientas a medida<\/span> <span class=\"NormalTextRun SCXW135218739 BCX0\">para la gesti\u00f3n y regulaci\u00f3n de aparcamientos.<\/span><\/span><span class=\"EOP SCXW135218739 BCX0\" data-ccp-props=\"{\"> <\/span><\/p>\n\t\t\t\t\t<\/div>\n\t\t\t\t\n\t\t\t\t\n\t\t\t\t\t\t\t<\/div>\n\t\t\t<\/div>\n\n\t\t<div class=\"slider-container\">\n\t\t\t<div class=\"swiper\">\n\t\t\t\t<div class=\"swiper-wrapper\">\n\t\t\t\t\t\t\t\t\t\t\t<div class=\"swiper-slide\">\n\t\t\t\t\t\t\t\t\t\t\t\t\t\t\t<div class=\"card color-morado\">\n\t\t\t\t\t\t\t\n\t\t\t\t\t\t\t\t\t\t\t\t\t\t\t\t\t<h3 class=\"titre\">APARCAMIENTO OBSERVATORIO<\/h3>\n\t\t\t\t\t\t\t\t\n\t\t\t\t\t\t\t\t\t\t\t\t\t\t\t\t\t<div class=\"description wysiwyg-content\">\n\t\t\t\t\t\t\t\t\t\t<p><span class=\"TextRun SCXW209519737 BCX0\" lang=\"FR-FR\" data-contrast=\"auto\" xml:lang=\"FR-FR\"><span class=\"NormalTextRun SCXW209519737 BCX0\">Nosotros <\/span><span class=\"NormalTextRun SCXW209519737 BCX0\">ofrecemos a las comunidades<\/span><span class=\"NormalTextRun SCXW209519737 BCX0\"> una informaci\u00f3n <\/span><span class=\"NormalTextRun SCXW209519737 BCX0\">preciso<\/span><span class=\"NormalTextRun SCXW209519737 BCX0\"> del uso<\/span><span class=\"NormalTextRun SCXW209519737 BCX0\"> de los automovilistas<\/span><span class=\"NormalTextRun SCXW209519737 BCX0\"> en la ciudad.<\/span><\/span><span class=\"EOP SCXW209519737 BCX0\" data-ccp-props=\"{}\"> <\/span><\/p>\n\t\t\t\t\t\t\t\t\t<\/div>\n\t\t\t\t\t\t\t\t\n\t\t\t\t\t\t\t\t\n\t\t\t\t\t\t\t\t\n\t\t\t\t\t\t\t\t\t\t\t\t\t\t\t<\/div>\n\t\t\t\t\t\t\t\t\t\t\t\t\t<\/div>\n\t\t\t\t\t\t\t\t\t\t\t<div class=\"swiper-slide\">\n\t\t\t\t\t\t\t\t\t\t\t\t\t\t\t<div class=\"card color-morado\">\n\t\t\t\t\t\t\t\n\t\t\t\t\t\t\t\t\t\t\t\t\t\t\t\t\t<h3 class=\"titre\">DEFINICI\u00d3N DE LA POL\u00cdTICA DE APARCAMIENTO  <\/h3>\n\t\t\t\t\t\t\t\t\n\t\t\t\t\t\t\t\t\t\t\t\t\t\t\t\t\t<div class=\"description wysiwyg-content\">\n\t\t\t\t\t\t\t\t\t\t<p><span class=\"TextRun SCXW43212258 BCX0\" lang=\"FR-FR\" data-contrast=\"auto\" xml:lang=\"FR-FR\"><span class=\"NormalTextRun SCXW43212258 BCX0\">Somos una<\/span><span class=\"NormalTextRun SCXW43212258 BCX0\">compa\u00f1\u00eda<\/span><span class=\"NormalTextRun SCXW43212258 BCX0\"> ciudades en la definici\u00f3n de zonas y <\/span><span class=\"NormalTextRun SCXW43212258 BCX0\">y tarifas <\/span><span class=\"NormalTextRun SCXW43212258 BCX0\">adaptadas <\/span><span class=\"NormalTextRun SCXW43212258 BCX0\">al uso<\/span><span class=\"NormalTextRun SCXW43212258 BCX0\">.<\/span><\/span><span class=\"EOP SCXW43212258 BCX0\" data-ccp-props=\"{}\"> <\/span><\/p>\n\t\t\t\t\t\t\t\t\t<\/div>\n\t\t\t\t\t\t\t\t\n\t\t\t\t\t\t\t\t\n\t\t\t\t\t\t\t\t\n\t\t\t\t\t\t\t\t\t\t\t\t\t\t\t<\/div>\n\t\t\t\t\t\t\t\t\t\t\t\t\t<\/div>\n\t\t\t\t\t\t\t\t\t\t\t<div class=\"swiper-slide\">\n\t\t\t\t\t\t\t\t\t\t\t\t\t\t\t<div class=\"card color-morado\">\n\t\t\t\t\t\t\t\n\t\t\t\t\t\t\t\t\t\t\t\t\t\t\t\t\t<h3 class=\"titre\">APOYO A LAS DECISIONES  <\/h3>\n\t\t\t\t\t\t\t\t\n\t\t\t\t\t\t\t\t\t\t\t\t\t\t\t\t\t<div class=\"description wysiwyg-content\">\n\t\t\t\t\t\t\t\t\t\t<p><span class=\"TextRun SCXW119230106 BCX0\" lang=\"FR-FR\" data-contrast=\"auto\" xml:lang=\"FR-FR\"><span class=\"NormalTextRun SCXW119230106 BCX0\">Facilitamos la toma de decisiones correctas gracias a nuestras <\/span><span class=\"NormalTextRun SCXW119230106 BCX0\">y herramientas de supervisi\u00f3n. <\/span> <\/span><\/p>\n\t\t\t\t\t\t\t\t\t<\/div>\n\t\t\t\t\t\t\t\t\n\t\t\t\t\t\t\t\t\n\t\t\t\t\t\t\t\t\n\t\t\t\t\t\t\t\t\t\t\t\t\t\t\t<\/div>\n\t\t\t\t\t\t\t\t\t\t\t\t\t<\/div>\n\t\t\t\t\t\t\t\t\t<\/div>\n\t\t\t<\/div>\n\t\t<\/div>\n\t<\/div>\n<\/section>\r\n\n\n<section class=\"gut-block gut-citation bg-color-blanc\" >\n\t<div class=\"wrap grid-container\">\n\t\t<div class=\"grid-el-tb-10 grid-el-centered\">\n\t\t\t<blockquote class=\"citation\">\n\t\t\t\t<p>Nos adaptamos a las necesidades de cada autoridad local con la que trabajamos para mejorar la fluidez y el atractivo de los centros urbanos.<\/p>\n\t\t\t<\/blockquote>\n\n\t\t\t\t\t\t\t<p class=\"auteur\">Xavier Heulin<\/p>\n\t\t\t\n\t\t\t\t\t\t\t<p class=\"poste\">Vicepresidente Ejecutivo, responsable de Cambio Urbano<\/p>\n\t\t\t\t\t<\/div>\n\t<\/div>\n<\/section>\r\n\n\n<section class=\"gut-block gut-rebond bg-color-blanc\" >\n\t<div class=\"container\">\n\t\t<div class=\"wrap grid-container\">\n\t\t\t<figure class=\"img\">\n\t\t\t\t<img decoding=\"async\" width=\"1372\" height=\"915\" src=\"https:\/\/www.group-indigo.com\/wp-content\/uploads\/2025\/01\/Template-bloc-de-Rebond-Indigo.com-4.png\" class=\"attachment-banner size-banner\" alt=\"\" srcset=\"https:\/\/www.group-indigo.com\/wp-content\/uploads\/2025\/01\/Template-bloc-de-Rebond-Indigo.com-4.png 1372w, https:\/\/www.group-indigo.com\/wp-content\/uploads\/2025\/01\/Template-bloc-de-Rebond-Indigo.com-4-300x200.png 300w, https:\/\/www.group-indigo.com\/wp-content\/uploads\/2025\/01\/Template-bloc-de-Rebond-Indigo.com-4-1024x683.png 1024w, https:\/\/www.group-indigo.com\/wp-content\/uploads\/2025\/01\/Template-bloc-de-Rebond-Indigo.com-4-768x512.png 768w\" sizes=\"(max-width: 1372px) 100vw, 1372px\" \/>\t\t\t<\/figure>\n\n\t\t\t\t\t\t\t<h2 class=\"block-title titre-h2 grid-el-tb-8 grid-el-md-6\">REGULAR EL ACCESO A LOS CENTROS URBANOS  <\/h2>\n\t\t\t\n\t\t\t\t\t\t\t<div class=\"texte wysiwyg-content grid-el-tb-7 grid-el-md-5 grid-el-lg-4\">\n\t\t\t\t\t<p><span class=\"TextRun SCXW260860134 BCX0\" lang=\"FR-FR\" data-contrast=\"auto\" xml:lang=\"FR-FR\"><span class=\"NormalTextRun SCXW260860134 BCX0\">La experiencia de INDIGO en el control del estacionamiento en la v\u00eda p\u00fablica, combinada con su dominio de las tecnolog\u00edas, la convierten en el socio preferido de las ciudades a la hora de gestionar nuevas zonas restringidas.<\/span><\/span><span class=\"EOP SCXW260860134 BCX0\" data-ccp-props=\"{\"> <\/span><\/p>\n\t\t\t\t<\/div>\n\t\t\t\n\t\t\t\t\t\t\t<div class=\"btn-container grid-el-tb-6 grid-el-md-4\">\n\t\t\t\t\t<a href=\"https:\/\/www.group-indigo.com\/es\/metier\/control-de-las-normas-urbanisticas\/\" target=\"_self\" class=\"btn-primary\">Descubre<\/a>\n\t\t\t\t<\/div>\n\t\t\t\n\t\t\t\t\t<\/div>\n\t<\/div>\n<\/section>","protected":false},"featured_media":1100082022,"template":"","meta":{"_acf_changed":false,"inline_featured_image":false,"footnotes":""},"class_list":["post-1100084820","metier","type-metier","status-publish","has-post-thumbnail","hentry"],"acf":[],"yoast_head":"<!-- This site is optimized with the Yoast SEO plugin v27.2 - https:\/\/yoast.com\/product\/yoast-seo-wordpress\/ -->\n<title>Aparcamiento en la calle - Groupe INDIGO<\/title>\n<meta name=\"description\" content=\"INDIGO apoya a las autoridades locales en la gesti\u00f3n del aparcamiento en la v\u00eda p\u00fablica para afrontar los retos de hacer m\u00e1s fluidos los centros urbanos.\" \/>\n<meta name=\"robots\" content=\"index, follow, max-snippet:-1, max-image-preview:large, max-video-preview:-1\" \/>\n<link rel=\"canonical\" href=\"https:\/\/www.group-indigo.com\/es\/metier\/aparcamiento-en-la-calle\/\" \/>\n<meta property=\"og:locale\" content=\"es_ES\" \/>\n<meta property=\"og:type\" content=\"article\" \/>\n<meta property=\"og:title\" content=\"Aparcamiento en la calle - Groupe INDIGO\" \/>\n<meta property=\"og:description\" content=\"INDIGO apoya a las autoridades locales en la gesti\u00f3n del aparcamiento en la v\u00eda p\u00fablica para afrontar los retos de hacer m\u00e1s fluidos los centros urbanos.\" \/>\n<meta property=\"og:url\" content=\"https:\/\/www.group-indigo.com\/es\/metier\/aparcamiento-en-la-calle\/\" \/>\n<meta property=\"og:site_name\" content=\"Groupe INDIGO\" \/>\n<meta property=\"article:modified_time\" content=\"2025-06-27T13:23:23+00:00\" \/>\n<meta property=\"og:image\" content=\"https:\/\/www.group-indigo.com\/wp-content\/uploads\/2025\/01\/Bordeaux-293-scaled.jpg\" \/>\n\t<meta property=\"og:image:width\" content=\"2048\" \/>\n\t<meta property=\"og:image:height\" content=\"1366\" \/>\n\t<meta property=\"og:image:type\" content=\"image\/jpeg\" \/>\n<meta name=\"twitter:card\" content=\"summary_large_image\" \/>\n<script type=\"application\/ld+json\" class=\"yoast-schema-graph\">{\"@context\":\"https:\/\/schema.org\",\"@graph\":[{\"@type\":\"WebPage\",\"@id\":\"https:\/\/www.group-indigo.com\/es\/metier\/aparcamiento-en-la-calle\/\",\"url\":\"https:\/\/www.group-indigo.com\/es\/metier\/aparcamiento-en-la-calle\/\",\"name\":\"Aparcamiento en la calle - Groupe INDIGO\",\"isPartOf\":{\"@id\":\"https:\/\/www.group-indigo.com\/es\/#website\"},\"primaryImageOfPage\":{\"@id\":\"https:\/\/www.group-indigo.com\/es\/metier\/aparcamiento-en-la-calle\/#primaryimage\"},\"image\":{\"@id\":\"https:\/\/www.group-indigo.com\/es\/metier\/aparcamiento-en-la-calle\/#primaryimage\"},\"thumbnailUrl\":\"https:\/\/www.group-indigo.com\/wp-content\/uploads\/2025\/01\/Bordeaux-293-scaled.jpg\",\"datePublished\":\"2025-01-10T15:34:00+00:00\",\"dateModified\":\"2025-06-27T13:23:23+00:00\",\"description\":\"INDIGO apoya a las autoridades locales en la gesti\u00f3n del aparcamiento en la v\u00eda p\u00fablica para afrontar los retos de hacer m\u00e1s fluidos los centros urbanos.\",\"breadcrumb\":{\"@id\":\"https:\/\/www.group-indigo.com\/es\/metier\/aparcamiento-en-la-calle\/#breadcrumb\"},\"inLanguage\":\"es\",\"potentialAction\":[{\"@type\":\"ReadAction\",\"target\":[\"https:\/\/www.group-indigo.com\/es\/metier\/aparcamiento-en-la-calle\/\"]}]},{\"@type\":\"ImageObject\",\"inLanguage\":\"es\",\"@id\":\"https:\/\/www.group-indigo.com\/es\/metier\/aparcamiento-en-la-calle\/#primaryimage\",\"url\":\"https:\/\/www.group-indigo.com\/wp-content\/uploads\/2025\/01\/Bordeaux-293-scaled.jpg\",\"contentUrl\":\"https:\/\/www.group-indigo.com\/wp-content\/uploads\/2025\/01\/Bordeaux-293-scaled.jpg\",\"width\":2048,\"height\":1366,\"caption\":\"Contr\u00f4le du stationnement payant sur voirie \u00e0 Bordeaux - Agent \u00e0 v\u00e9lo\"},{\"@type\":\"BreadcrumbList\",\"@id\":\"https:\/\/www.group-indigo.com\/es\/metier\/aparcamiento-en-la-calle\/#breadcrumb\",\"itemListElement\":[{\"@type\":\"ListItem\",\"position\":1,\"name\":\"Home\",\"item\":\"https:\/\/www.group-indigo.com\/es\/\"},{\"@type\":\"ListItem\",\"position\":2,\"name\":\"Aparcamiento en la calle\"}]},{\"@type\":\"WebSite\",\"@id\":\"https:\/\/www.group-indigo.com\/es\/#website\",\"url\":\"https:\/\/www.group-indigo.com\/es\/\",\"name\":\"Groupe INDIGO\",\"description\":\"\",\"publisher\":{\"@id\":\"https:\/\/www.group-indigo.com\/es\/#organization\"},\"potentialAction\":[{\"@type\":\"SearchAction\",\"target\":{\"@type\":\"EntryPoint\",\"urlTemplate\":\"https:\/\/www.group-indigo.com\/es\/?s={search_term_string}\"},\"query-input\":{\"@type\":\"PropertyValueSpecification\",\"valueRequired\":true,\"valueName\":\"search_term_string\"}}],\"inLanguage\":\"es\"},{\"@type\":\"Organization\",\"@id\":\"https:\/\/www.group-indigo.com\/es\/#organization\",\"name\":\"Groupe INDIGO\",\"url\":\"https:\/\/www.group-indigo.com\/es\/\",\"logo\":{\"@type\":\"ImageObject\",\"inLanguage\":\"es\",\"@id\":\"https:\/\/www.group-indigo.com\/es\/#\/schema\/logo\/image\/\",\"url\":\"https:\/\/www.group-indigo.com\/wp-content\/uploads\/2026\/03\/login-logo.svg\",\"contentUrl\":\"https:\/\/www.group-indigo.com\/wp-content\/uploads\/2026\/03\/login-logo.svg\",\"width\":223,\"height\":49,\"caption\":\"Groupe INDIGO\"},\"image\":{\"@id\":\"https:\/\/www.group-indigo.com\/es\/#\/schema\/logo\/image\/\"}}]}<\/script>\n<!-- \/ Yoast SEO plugin. -->","yoast_head_json":{"title":"Aparcamiento en la calle - Groupe INDIGO","description":"INDIGO apoya a las autoridades locales en la gesti\u00f3n del aparcamiento en la v\u00eda p\u00fablica para afrontar los retos de hacer m\u00e1s fluidos los centros urbanos.","robots":{"index":"index","follow":"follow","max-snippet":"max-snippet:-1","max-image-preview":"max-image-preview:large","max-video-preview":"max-video-preview:-1"},"canonical":"https:\/\/www.group-indigo.com\/es\/metier\/aparcamiento-en-la-calle\/","og_locale":"es_ES","og_type":"article","og_title":"Aparcamiento en la calle - Groupe INDIGO","og_description":"INDIGO apoya a las autoridades locales en la gesti\u00f3n del aparcamiento en la v\u00eda p\u00fablica para afrontar los retos de hacer m\u00e1s fluidos los centros urbanos.","og_url":"https:\/\/www.group-indigo.com\/es\/metier\/aparcamiento-en-la-calle\/","og_site_name":"Groupe INDIGO","article_modified_time":"2025-06-27T13:23:23+00:00","og_image":[{"width":2048,"height":1366,"url":"https:\/\/www.group-indigo.com\/wp-content\/uploads\/2025\/01\/Bordeaux-293-scaled.jpg","type":"image\/jpeg"}],"twitter_card":"summary_large_image","schema":{"@context":"https:\/\/schema.org","@graph":[{"@type":"WebPage","@id":"https:\/\/www.group-indigo.com\/es\/metier\/aparcamiento-en-la-calle\/","url":"https:\/\/www.group-indigo.com\/es\/metier\/aparcamiento-en-la-calle\/","name":"Aparcamiento en la calle - Groupe INDIGO","isPartOf":{"@id":"https:\/\/www.group-indigo.com\/es\/#website"},"primaryImageOfPage":{"@id":"https:\/\/www.group-indigo.com\/es\/metier\/aparcamiento-en-la-calle\/#primaryimage"},"image":{"@id":"https:\/\/www.group-indigo.com\/es\/metier\/aparcamiento-en-la-calle\/#primaryimage"},"thumbnailUrl":"https:\/\/www.group-indigo.com\/wp-content\/uploads\/2025\/01\/Bordeaux-293-scaled.jpg","datePublished":"2025-01-10T15:34:00+00:00","dateModified":"2025-06-27T13:23:23+00:00","description":"INDIGO apoya a las autoridades locales en la gesti\u00f3n del aparcamiento en la v\u00eda p\u00fablica para afrontar los retos de hacer m\u00e1s fluidos los centros urbanos.","breadcrumb":{"@id":"https:\/\/www.group-indigo.com\/es\/metier\/aparcamiento-en-la-calle\/#breadcrumb"},"inLanguage":"es","potentialAction":[{"@type":"ReadAction","target":["https:\/\/www.group-indigo.com\/es\/metier\/aparcamiento-en-la-calle\/"]}]},{"@type":"ImageObject","inLanguage":"es","@id":"https:\/\/www.group-indigo.com\/es\/metier\/aparcamiento-en-la-calle\/#primaryimage","url":"https:\/\/www.group-indigo.com\/wp-content\/uploads\/2025\/01\/Bordeaux-293-scaled.jpg","contentUrl":"https:\/\/www.group-indigo.com\/wp-content\/uploads\/2025\/01\/Bordeaux-293-scaled.jpg","width":2048,"height":1366,"caption":"Contr\u00f4le du stationnement payant sur voirie \u00e0 Bordeaux - Agent \u00e0 v\u00e9lo"},{"@type":"BreadcrumbList","@id":"https:\/\/www.group-indigo.com\/es\/metier\/aparcamiento-en-la-calle\/#breadcrumb","itemListElement":[{"@type":"ListItem","position":1,"name":"Home","item":"https:\/\/www.group-indigo.com\/es\/"},{"@type":"ListItem","position":2,"name":"Aparcamiento en la calle"}]},{"@type":"WebSite","@id":"https:\/\/www.group-indigo.com\/es\/#website","url":"https:\/\/www.group-indigo.com\/es\/","name":"Groupe INDIGO","description":"","publisher":{"@id":"https:\/\/www.group-indigo.com\/es\/#organization"},"potentialAction":[{"@type":"SearchAction","target":{"@type":"EntryPoint","urlTemplate":"https:\/\/www.group-indigo.com\/es\/?s={search_term_string}"},"query-input":{"@type":"PropertyValueSpecification","valueRequired":true,"valueName":"search_term_string"}}],"inLanguage":"es"},{"@type":"Organization","@id":"https:\/\/www.group-indigo.com\/es\/#organization","name":"Groupe INDIGO","url":"https:\/\/www.group-indigo.com\/es\/","logo":{"@type":"ImageObject","inLanguage":"es","@id":"https:\/\/www.group-indigo.com\/es\/#\/schema\/logo\/image\/","url":"https:\/\/www.group-indigo.com\/wp-content\/uploads\/2026\/03\/login-logo.svg","contentUrl":"https:\/\/www.group-indigo.com\/wp-content\/uploads\/2026\/03\/login-logo.svg","width":223,"height":49,"caption":"Groupe INDIGO"},"image":{"@id":"https:\/\/www.group-indigo.com\/es\/#\/schema\/logo\/image\/"}}]}},"_links":{"self":[{"href":"https:\/\/www.group-indigo.com\/es\/wp-json\/wp\/v2\/metier\/1100084820","targetHints":{"allow":["GET"]}}],"collection":[{"href":"https:\/\/www.group-indigo.com\/es\/wp-json\/wp\/v2\/metier"}],"about":[{"href":"https:\/\/www.group-indigo.com\/es\/wp-json\/wp\/v2\/types\/metier"}],"version-history":[{"count":2,"href":"https:\/\/www.group-indigo.com\/es\/wp-json\/wp\/v2\/metier\/1100084820\/revisions"}],"predecessor-version":[{"id":1100086551,"href":"https:\/\/www.group-indigo.com\/es\/wp-json\/wp\/v2\/metier\/1100084820\/revisions\/1100086551"}],"wp:featuredmedia":[{"embeddable":true,"href":"https:\/\/www.group-indigo.com\/es\/wp-json\/wp\/v2\/media\/1100082022"}],"wp:attachment":[{"href":"https:\/\/www.group-indigo.com\/es\/wp-json\/wp\/v2\/media?parent=1100084820"}],"curies":[{"name":"wp","href":"https:\/\/api.w.org\/{rel}","templated":true}]}}